{"id":6792,"date":"2026-04-02T11:22:30","date_gmt":"2026-04-02T09:22:30","guid":{"rendered":"https:\/\/www.ambion.de\/jobportal\/?post_type=awsm_job_openings&#038;p=6792"},"modified":"2026-04-13T08:28:32","modified_gmt":"2026-04-13T06:28:32","slug":"fachkraft-fur-veranstaltungstechnik-onsite-7","status":"publish","type":"awsm_job_openings","link":"https:\/\/www.ambion.de\/jobportal\/jobs\/fachkraft-fur-veranstaltungstechnik-onsite-7","title":{"rendered":"Kamerafrau*-mann f\u00fcr Veranstaltungstechnik (m|w|d)"},"content":{"rendered":"\n<figure class=\"wp-block-image size-full is-resized\"><a href=\"#Bewerbung\"><img decoding=\"async\" src=\"https:\/\/www.ambion.de\/jobportal\/wp-content\/uploads\/2022\/04\/Online_bewerben.svg\" alt=\"\" class=\"wp-image-67\" width=\"300\" \/><\/a><\/figure>\n\n\n\n<p>F\u00fcr unseren Standort in Frankfurt suchen wir zur Verst\u00e4rkung unseres Teams ab sofort eine(n) Kamerafrau*-mann f\u00fcr Veranstaltungstechnik (m|w|d) in Teilzeit.<\/p>\n\n\n\n<p>Du sch\u00e4tzt Flexibilit\u00e4t und hast ein sehr gutes Gesp\u00fcr f\u00fcr Bilder? Dann werde Teil unseres Teams und unterst\u00fctze unsere Onsite-Techniker*innen bei Produktionen im Raum Frankfurt mit einer kleinen Teilzeitstelle.<\/p>\n\n\n\n<p><strong>Werde Kamerafrau*-mann f\u00fcr Veranstaltungstechnik in Frankfurt bei AMBION<\/strong><\/p>\n\n\n\n<p>Wir fragen Dich an und Du entscheidest, ob Du den Job machen m\u00f6chtest. Du hast die Z\u00fcgel selbstbestimmt in der Hand, ohne auf die Sicherheit einer Festanstellung zu verzichten. Dein vereinbartes Zeitkontingent, kannst Du zeitlich flexibel erbringen. Trotzdem bist Du fester Bestandteil des Teams, genie\u00dft die Vorteile des Mitarbeitenden-Status.<\/p>\n\n\n\n<p>Auf Dich warten vielf\u00e4ltige nationale und internationale Projekte.<\/p>\n\n\n\n<p><strong>Wer wir sind<\/strong><\/p>\n\n\n\n<p>AMBION ist eine inhabergef\u00fchrte, international t\u00e4tige Event Production Company mit Hauptsitz in Kassel&nbsp;und weiteren Standorten in Berlin, Hamburg und Frankfurt. Als technischer L\u00f6sungsanbieter und Full-Service Veranstaltungstechnikdienstleister im Bereich von Live Events, aber auch von digitalen, virtuellen und hybriden Veranstaltungen, kombiniert AMBION die unterschiedlichen technischen Disziplinen. Mit \u00fcber 10 Tausend eigenen Technikartikeln, schaffen wir immer wieder neue L\u00f6sungen.<\/p>\n\n\n\n<p><strong>Was wir Dir bieten<\/strong><\/p>\n\n\n\n<ul>\n<li>Flexible Arbeitszeiten <\/li>\n\n\n\n<li>Transparentes, faires und wertsch\u00e4tzendes Gehalt<\/li>\n\n\n\n<li>Eine unterst\u00fctzende und respektvolle Unternehmenskultur<\/li>\n\n\n\n<li>Ergebnisorientiertes, eigenverantwortliches Arbeiten<\/li>\n\n\n\n<li>Minutengenaue digitale Arbeitszeiterfassung<\/li>\n\n\n\n<li>Auszahlung von Nachtzuschl\u00e4gen<\/li>\n\n\n\n<li>State of the Art Veranstaltungstechnik<\/li>\n<\/ul>\n\n\n\n<p><strong>Deine Aufgaben<\/strong><\/p>\n\n\n\n<ul>\n<li>Bedienen von Kamerasystemen bei verschiedenen Veranstaltungsformaten<\/li>\n\n\n\n<li>Fachgerechter Auf- und Abbau von Kamerasystemen bei Produktionen<\/li>\n<\/ul>\n\n\n\n<p><strong>Du bringst mit<\/strong><\/p>\n\n\n\n<ul>\n<li>Ein abgeschlossenes Studium im Bereich Kamera oder eine Ausbildung als Mediengestalter*in Bild und Ton oder gleichwertige Kenntnisse&nbsp;&nbsp;&nbsp;&nbsp;&nbsp;&nbsp;&nbsp;&nbsp;&nbsp;&nbsp;&nbsp;&nbsp;&nbsp;&nbsp;&nbsp;&nbsp;&nbsp;&nbsp;&nbsp;&nbsp;&nbsp;&nbsp;&nbsp;&nbsp;&nbsp;&nbsp;&nbsp;&nbsp;&nbsp;&nbsp;&nbsp;&nbsp;&nbsp;&nbsp;&nbsp;&nbsp;&nbsp;&nbsp;&nbsp;&nbsp;&nbsp;&nbsp;&nbsp;&nbsp;&nbsp;&nbsp;&nbsp;&nbsp;&nbsp;&nbsp;&nbsp;&nbsp;&nbsp;&nbsp;&nbsp;&nbsp;&nbsp;&nbsp;&nbsp;&nbsp;&nbsp;&nbsp;&nbsp;&nbsp;&nbsp;&nbsp;&nbsp;&nbsp;&nbsp;&nbsp;&nbsp;&nbsp;&nbsp;&nbsp;&nbsp;&nbsp;&nbsp;&nbsp;&nbsp;&nbsp;&nbsp;&nbsp;&nbsp;&nbsp;&nbsp;&nbsp;&nbsp;&nbsp;&nbsp;&nbsp;&nbsp;&nbsp;&nbsp;&nbsp;&nbsp;&nbsp;&nbsp;&nbsp;&nbsp;&nbsp;&nbsp;&nbsp;&nbsp;&nbsp;&nbsp;&nbsp;&nbsp;&nbsp;&nbsp;&nbsp;&nbsp;&nbsp;&nbsp;&nbsp;&nbsp;<\/li>\n\n\n\n<li>Einschl\u00e4gige Berufserfahrung hinter der Kamera&nbsp;&nbsp;&nbsp;&nbsp;&nbsp;&nbsp;&nbsp;&nbsp;&nbsp;&nbsp;&nbsp;&nbsp;&nbsp;&nbsp;&nbsp;&nbsp;&nbsp;&nbsp;&nbsp;&nbsp;&nbsp;&nbsp;&nbsp;&nbsp;&nbsp;&nbsp;&nbsp;&nbsp;&nbsp;&nbsp;&nbsp;&nbsp;&nbsp;&nbsp;&nbsp;&nbsp;&nbsp;&nbsp;<\/li>\n\n\n\n<li>Sehr gute kommunikative F\u00e4higkeiten und ein l\u00f6sungsorientiertes Mindset<\/li>\n\n\n\n<li>Die F\u00e4higkeit zum kreativen Denken und Spa\u00df an Sonderl\u00f6sungen<\/li>\n\n\n\n<li>Ausgepr\u00e4gte Teamorientierung<\/li>\n\n\n\n<li>Ergebnisorientiertes Arbeiten mit Blick auf den gemeinsamen Veranstaltungserfolg<\/li>\n<\/ul>\n\n\n\n<p>Bei AMBION legen wir besonderen Wert auf menschliche und soziale Kompetenz, Engagement und Eigenorganisation als Basis f\u00fcr unser gemeinsames Denken und Handeln.<\/p>\n\n\n\n<p id=\"Bewerbung\"><\/p>\n\n\n\n<p><strong>Digital bewerben<\/strong><br>Bewirb Dich ganz einfach und schnell \u00fcber diese Eingabe-Maske. Es werden nur Bewerbungen akzeptiert, die uns im PDF-Format mit entsprechender Dateiendung erreichen. Das PDF kannst Du ganz einfach hochladen.<\/p>\n\n\n\n<p><\/p>\n\n\n\n<div class=\"awsm-job-form-inner\">\n\n\t\n\t<h2>\n\t\tJetzt bewerben!\t<\/h2>\n\n\t\n\t<form id=\"awsm-application-form\" class=\"awsm-application-form\" name=\"applicationform\" method=\"post\" enctype=\"multipart\/form-data\">\n\n\t\t<div class=\"awsm-job-form-group awsm-job-form-text-group\"><label for=\"awsm-applicant-name\">Vor- und Zuname <span class=\"awsm-job-form-error\">*<\/span><\/label><input type=\"text\" placeholder=\"\" name=\"awsm_applicant_name\" class=\"awsm-job-form-field awsm-job-form-control\" id=\"awsm-applicant-name\" required data-msg-required=\"Pflichtangabe\" \/><\/div><div class=\"awsm-job-form-group awsm-job-form-email-group\"><label for=\"awsm-applicant-email\">Deine E-Mail Adresse <span class=\"awsm-job-form-error\">*<\/span><\/label><input type=\"email\" placeholder=\"\" name=\"awsm_applicant_email\" class=\"awsm-job-form-field awsm-job-form-control\" id=\"awsm-applicant-email\" required data-msg-required=\"Pflichtangabe\" data-rule-email=\"true\" data-msg-email=\"Bitte trage eine valide E-Mail Adresse ein\" \/><\/div><div class=\"awsm-job-form-group awsm-job-form-textarea-group\"><label for=\"awsm-cover-letter\">Deine Nachricht <span class=\"awsm-job-form-error\">*<\/span><\/label><textarea placeholder=\"\" name=\"awsm_applicant_letter\" class=\"awsm-job-form-field awsm-job-form-control\" id=\"awsm-cover-letter\" required data-msg-required=\"Pflichtangabe\" rows=\"5\" cols=\"50\"><\/textarea><\/div><div class=\"awsm-job-form-group awsm-job-form-file-group\"><label for=\"awsm_file_1\">PDF-Dateien hochladen <span class=\"awsm-job-form-error\">*<\/span><\/label><input type=\"hidden\" name=\"awsm_file_1\" \/><div class=\"awsm-form-drag-and-drop-file-control\" data-required=\"1\" data-accept=\".pdf\" data-max-files=\"5\" data-file-size=\"12582912\"><div class=\"dz-message\"><span class=\"awsm-form-drag-and-drop-file-title\">Ziehe Dateien hierher oder klicke zum Hochladen<\/span><span class=\"awsm-form-drag-and-drop-file-description\">Du kannst bis zu 5 Dateien hochladen, 12 MB pro Datei.<\/span><\/div><\/div><small>Erlaubte Dateitypen: .pdf<\/small><\/div><div class=\"awsm-job-form-group awsm-job-form-select-group\"><label for=\"awsm_select_1\">Wie hast Du von diesem Stellenangebot erfahren?<\/label><select name=\"awsm_select_1\" class=\"awsm-job-form-field awsm-job-form-control awsm-job-select-control\" id=\"awsm_select_1\"><option value=\"\">Bitte ausw\u00e4hlen ...<\/option><option value=\"AMBION Website\">AMBION Website<\/option><option value=\"Facebook\">Facebook<\/option><option value=\"Instagram\">Instagram<\/option><option value=\"LinkedIn\">LinkedIn<\/option><option value=\"LED-Fl\u00e4chen\">LED-Fl\u00e4chen<\/option><option value=\"Agentur f\u00fcr Arbeit\">Agentur f\u00fcr Arbeit<\/option><option value=\"Indeed\">Indeed<\/option><option value=\"IHK\">IHK<\/option><option value=\"Mitarbeitenden-Empfehlung\">Mitarbeitenden-Empfehlung<\/option><option value=\"Lehrstellenb\u00f6rse\">Lehrstellenb\u00f6rse<\/option><option value=\"www.ausbildung.de\">www.ausbildung.de<\/option><option value=\"Sonstige\">Sonstige<\/option><\/select><\/div><div class=\"awsm-job-form-group awsm-job-inline-group\"><input name=\"awsm_form_privacy_policy\" class=\"awsm-job-form-field\" id=\"awsm_form_privacy_policy\" value=\"yes\" type=\"checkbox\" data-msg-required=\"Pflichtangabe\" aria-required=\"true\" required><label for=\"awsm_form_privacy_policy\">Hiermit erkl\u00e4re ich mich einverstanden, dass das Formular\/ Website meine Daten verarbeitet\/speichert. * <span class=\"awsm-job-form-error\">*<\/span><\/label><\/div>\n\t\t<input type=\"hidden\" name=\"awsm_job_id\" value=\"6792\">\n\t\t<input type=\"hidden\" name=\"action\" value=\"awsm_applicant_form_submission\">\n\t\t<div class=\"awsm-job-form-group\">\n\t\t\t\t\t<input type=\"submit\" name=\"form_sub\" id=\"awsm-application-submit-btn\" class=\"awsm-application-submit-btn\" value=\"Absenden\" data-response-text=\"\u00dcbertrage ...\" \/>\n\t\t\t\t<\/div>\n\n\t<\/form>\n\n\t<div class=\"awsm-application-message\" style=\"display: none;\"><\/div>\n\n\t\n<\/div><!-- .awsm-job-form-inner -->\n\n\n\n\n<p><\/p>\n\n\n\n<p><a href=\"https:\/\/www.ambion.de\/jobportal\/job-openings\"><\/a><a href=\"https:\/\/www.ambion.de\/jobportal\/wp-content\/uploads\/2022\/04\/Datenschutzerklaerung_Bewerber_innen.pdf\" target=\"_blank\" rel=\"noreferrer noopener\">Download der Datenschutzerkl\u00e4rung f\u00fcr Bewerberinnen und Bewerber<\/a><\/p>\n\n\n\n<figure class=\"wp-block-image size-full is-resized\"><a href=\"https:\/\/www.ambion.de\/jobportal\/die-ambion-job-angebote\"><img decoding=\"async\" src=\"https:\/\/www.ambion.de\/jobportal\/wp-content\/uploads\/2022\/04\/zurueck_zu_allen_jobs.svg\" alt=\"\" class=\"wp-image-68\" width=\"300\" \/><\/a><\/figure>\n\n\n\n<p><\/p>\n\n\n\n<p>Sharing is Caring. Hier kannst Du das Job-Angebot auf Deinen Kan\u00e4len teilen. An Freund*innen, Bekannte oder auch gerne einfach so. Danke!<\/p>\n","protected":false},"excerpt":{"rendered":"<p>F\u00fcr unseren Standort in Frankfurt suchen wir zur Verst\u00e4rkung unseres Teams ab sofort eine(n) Kamerafrau*-mann f\u00fcr Veranstaltungstechnik (m|w|d) in Teilzeit. Du sch\u00e4tzt Flexibilit\u00e4t und hast ein sehr gutes Gesp\u00fcr f\u00fcr Bilder? Dann werde Teil unseres Teams und unterst\u00fctze unsere Onsite-Techniker*innen bei Produktionen im Raum Frankfurt mit einer kleinen Teilzeitstelle. Werde Kamerafrau*-mann f\u00fcr Veranstaltungstechnik in Frankfurt [&hellip;]<\/p>\n","protected":false},"author":2,"template":"","meta":[],"yoast_head":"<!-- This site is optimized with the Yoast SEO plugin v18.6 - https:\/\/yoast.com\/wordpress\/plugins\/seo\/ -->\n<title>Kamerafrau*-mann f\u00fcr Veranstaltungstechnik (m|w|d) - Werde AMBIONaut*in<\/title>\n<meta name=\"robots\" content=\"index, follow, max-snippet:-1, max-image-preview:large, max-video-preview:-1\" \/>\n<link rel=\"canonical\" href=\"https:\/\/www.ambion.de\/jobportal\/jobs\/fachkraft-fur-veranstaltungstechnik-onsite-7\" \/>\n<meta property=\"og:locale\" content=\"de_DE\" \/>\n<meta property=\"og:type\" content=\"article\" \/>\n<meta property=\"og:title\" content=\"Kamerafrau*-mann f\u00fcr Veranstaltungstechnik (m|w|d) - Werde AMBIONaut*in\" \/>\n<meta property=\"og:description\" content=\"F\u00fcr unseren Standort in Frankfurt suchen wir zur Verst\u00e4rkung unseres Teams ab sofort eine(n) Kamerafrau*-mann f\u00fcr Veranstaltungstechnik (m|w|d) in Teilzeit. Du sch\u00e4tzt Flexibilit\u00e4t und hast ein sehr gutes Gesp\u00fcr f\u00fcr Bilder? Dann werde Teil unseres Teams und unterst\u00fctze unsere Onsite-Techniker*innen bei Produktionen im Raum Frankfurt mit einer kleinen Teilzeitstelle. Werde Kamerafrau*-mann f\u00fcr Veranstaltungstechnik in Frankfurt [&hellip;]\" \/>\n<meta property=\"og:url\" content=\"https:\/\/www.ambion.de\/jobportal\/jobs\/fachkraft-fur-veranstaltungstechnik-onsite-7\" \/>\n<meta property=\"og:site_name\" content=\"Werde AMBIONaut*in\" \/>\n<meta property=\"article:modified_time\" content=\"2026-04-13T06:28:32+00:00\" \/>\n<meta property=\"og:image\" content=\"https:\/\/www.ambion.de\/jobportal\/wp-content\/uploads\/2022\/04\/Online_bewerben.svg\" \/>\n<meta name=\"twitter:card\" content=\"summary_large_image\" \/>\n<meta name=\"twitter:label1\" content=\"Gesch\u00e4tzte Lesezeit\" \/>\n\t<meta name=\"twitter:data1\" content=\"3 Minuten\" \/>\n<script type=\"application\/ld+json\" class=\"yoast-schema-graph\">{\"@context\":\"https:\/\/schema.org\",\"@graph\":[{\"@type\":\"WebSite\",\"@id\":\"https:\/\/www.ambion.de\/jobportal\/#website\",\"url\":\"https:\/\/www.ambion.de\/jobportal\/\",\"name\":\"Werde AMBIONaut*in\",\"description\":\"Mach das Team komplett!\",\"potentialAction\":[{\"@type\":\"SearchAction\",\"target\":{\"@type\":\"EntryPoint\",\"urlTemplate\":\"https:\/\/www.ambion.de\/jobportal\/?s={search_term_string}\"},\"query-input\":\"required name=search_term_string\"}],\"inLanguage\":\"de-DE\"},{\"@type\":\"ImageObject\",\"@id\":\"https:\/\/www.ambion.de\/jobportal\/jobs\/fachkraft-fur-veranstaltungstechnik-onsite-7#primaryimage\",\"inLanguage\":\"de-DE\",\"url\":\"https:\/\/www.ambion.de\/jobportal\/wp-content\/uploads\/2022\/04\/Online_bewerben.svg\",\"contentUrl\":\"https:\/\/www.ambion.de\/jobportal\/wp-content\/uploads\/2022\/04\/Online_bewerben.svg\"},{\"@type\":\"WebPage\",\"@id\":\"https:\/\/www.ambion.de\/jobportal\/jobs\/fachkraft-fur-veranstaltungstechnik-onsite-7#webpage\",\"url\":\"https:\/\/www.ambion.de\/jobportal\/jobs\/fachkraft-fur-veranstaltungstechnik-onsite-7\",\"name\":\"Kamerafrau*-mann f\u00fcr Veranstaltungstechnik (m|w|d) - Werde AMBIONaut*in\",\"isPartOf\":{\"@id\":\"https:\/\/www.ambion.de\/jobportal\/#website\"},\"primaryImageOfPage\":{\"@id\":\"https:\/\/www.ambion.de\/jobportal\/jobs\/fachkraft-fur-veranstaltungstechnik-onsite-7#primaryimage\"},\"datePublished\":\"2026-04-02T09:22:30+00:00\",\"dateModified\":\"2026-04-13T06:28:32+00:00\",\"breadcrumb\":{\"@id\":\"https:\/\/www.ambion.de\/jobportal\/jobs\/fachkraft-fur-veranstaltungstechnik-onsite-7#breadcrumb\"},\"inLanguage\":\"de-DE\",\"potentialAction\":[{\"@type\":\"ReadAction\",\"target\":[\"https:\/\/www.ambion.de\/jobportal\/jobs\/fachkraft-fur-veranstaltungstechnik-onsite-7\"]}]},{\"@type\":\"BreadcrumbList\",\"@id\":\"https:\/\/www.ambion.de\/jobportal\/jobs\/fachkraft-fur-veranstaltungstechnik-onsite-7#breadcrumb\",\"itemListElement\":[{\"@type\":\"ListItem\",\"position\":1,\"name\":\"Startseite\",\"item\":\"https:\/\/www.ambion.de\/jobportal\/\"},{\"@type\":\"ListItem\",\"position\":2,\"name\":\"Job Openings\",\"item\":\"https:\/\/www.ambion.de\/jobportal\/jobs\"},{\"@type\":\"ListItem\",\"position\":3,\"name\":\"Kamerafrau*-mann f\u00fcr Veranstaltungstechnik (m|w|d)\"}]}]}<\/script>\n<!-- \/ Yoast SEO plugin. -->","yoast_head_json":{"title":"Kamerafrau*-mann f\u00fcr Veranstaltungstechnik (m|w|d) - Werde AMBIONaut*in","robots":{"index":"index","follow":"follow","max-snippet":"max-snippet:-1","max-image-preview":"max-image-preview:large","max-video-preview":"max-video-preview:-1"},"canonical":"https:\/\/www.ambion.de\/jobportal\/jobs\/fachkraft-fur-veranstaltungstechnik-onsite-7","og_locale":"de_DE","og_type":"article","og_title":"Kamerafrau*-mann f\u00fcr Veranstaltungstechnik (m|w|d) - Werde AMBIONaut*in","og_description":"F\u00fcr unseren Standort in Frankfurt suchen wir zur Verst\u00e4rkung unseres Teams ab sofort eine(n) Kamerafrau*-mann f\u00fcr Veranstaltungstechnik (m|w|d) in Teilzeit. Du sch\u00e4tzt Flexibilit\u00e4t und hast ein sehr gutes Gesp\u00fcr f\u00fcr Bilder? Dann werde Teil unseres Teams und unterst\u00fctze unsere Onsite-Techniker*innen bei Produktionen im Raum Frankfurt mit einer kleinen Teilzeitstelle. Werde Kamerafrau*-mann f\u00fcr Veranstaltungstechnik in Frankfurt [&hellip;]","og_url":"https:\/\/www.ambion.de\/jobportal\/jobs\/fachkraft-fur-veranstaltungstechnik-onsite-7","og_site_name":"Werde AMBIONaut*in","article_modified_time":"2026-04-13T06:28:32+00:00","og_image":[{"url":"https:\/\/www.ambion.de\/jobportal\/wp-content\/uploads\/2022\/04\/Online_bewerben.svg"}],"twitter_card":"summary_large_image","twitter_misc":{"Gesch\u00e4tzte Lesezeit":"3 Minuten"},"schema":{"@context":"https:\/\/schema.org","@graph":[{"@type":"WebSite","@id":"https:\/\/www.ambion.de\/jobportal\/#website","url":"https:\/\/www.ambion.de\/jobportal\/","name":"Werde AMBIONaut*in","description":"Mach das Team komplett!","potentialAction":[{"@type":"SearchAction","target":{"@type":"EntryPoint","urlTemplate":"https:\/\/www.ambion.de\/jobportal\/?s={search_term_string}"},"query-input":"required name=search_term_string"}],"inLanguage":"de-DE"},{"@type":"ImageObject","@id":"https:\/\/www.ambion.de\/jobportal\/jobs\/fachkraft-fur-veranstaltungstechnik-onsite-7#primaryimage","inLanguage":"de-DE","url":"https:\/\/www.ambion.de\/jobportal\/wp-content\/uploads\/2022\/04\/Online_bewerben.svg","contentUrl":"https:\/\/www.ambion.de\/jobportal\/wp-content\/uploads\/2022\/04\/Online_bewerben.svg"},{"@type":"WebPage","@id":"https:\/\/www.ambion.de\/jobportal\/jobs\/fachkraft-fur-veranstaltungstechnik-onsite-7#webpage","url":"https:\/\/www.ambion.de\/jobportal\/jobs\/fachkraft-fur-veranstaltungstechnik-onsite-7","name":"Kamerafrau*-mann f\u00fcr Veranstaltungstechnik (m|w|d) - Werde AMBIONaut*in","isPartOf":{"@id":"https:\/\/www.ambion.de\/jobportal\/#website"},"primaryImageOfPage":{"@id":"https:\/\/www.ambion.de\/jobportal\/jobs\/fachkraft-fur-veranstaltungstechnik-onsite-7#primaryimage"},"datePublished":"2026-04-02T09:22:30+00:00","dateModified":"2026-04-13T06:28:32+00:00","breadcrumb":{"@id":"https:\/\/www.ambion.de\/jobportal\/jobs\/fachkraft-fur-veranstaltungstechnik-onsite-7#breadcrumb"},"inLanguage":"de-DE","potentialAction":[{"@type":"ReadAction","target":["https:\/\/www.ambion.de\/jobportal\/jobs\/fachkraft-fur-veranstaltungstechnik-onsite-7"]}]},{"@type":"BreadcrumbList","@id":"https:\/\/www.ambion.de\/jobportal\/jobs\/fachkraft-fur-veranstaltungstechnik-onsite-7#breadcrumb","itemListElement":[{"@type":"ListItem","position":1,"name":"Startseite","item":"https:\/\/www.ambion.de\/jobportal\/"},{"@type":"ListItem","position":2,"name":"Job Openings","item":"https:\/\/www.ambion.de\/jobportal\/jobs"},{"@type":"ListItem","position":3,"name":"Kamerafrau*-mann f\u00fcr Veranstaltungstechnik (m|w|d)"}]}]}},"_links":{"self":[{"href":"https:\/\/www.ambion.de\/jobportal\/wp-json\/wp\/v2\/awsm_job_openings\/6792"}],"collection":[{"href":"https:\/\/www.ambion.de\/jobportal\/wp-json\/wp\/v2\/awsm_job_openings"}],"about":[{"href":"https:\/\/www.ambion.de\/jobportal\/wp-json\/wp\/v2\/types\/awsm_job_openings"}],"author":[{"embeddable":true,"href":"https:\/\/www.ambion.de\/jobportal\/wp-json\/wp\/v2\/users\/2"}],"wp:attachment":[{"href":"https:\/\/www.ambion.de\/jobportal\/wp-json\/wp\/v2\/media?parent=6792"}],"curies":[{"name":"wp","href":"https:\/\/api.w.org\/{rel}","templated":true}]}}