{"id":41187,"date":"2025-05-14T14:52:48","date_gmt":"2025-05-14T12:52:48","guid":{"rendered":"https:\/\/www.ambion.de\/project\/zukunfstag-bvmw\/"},"modified":"2025-05-14T17:14:25","modified_gmt":"2025-05-14T15:14:25","slug":"zukunfstag-bvmw","status":"publish","type":"project","link":"https:\/\/www.ambion.de\/en\/project\/zukunfstag-bvmw\/","title":{"rendered":"Zukunftstag Mittelstand"},"content":{"rendered":"<p>[et_pb_section fb_built=&#8221;1&#8243; _builder_version=&#8221;4.16&#8243; _module_preset=&#8221;default&#8221; background_color=&#8221;RGBA(255,255,255,0)&#8221; min_height_tablet=&#8221;&#8221; min_height_phone=&#8221;&#8221; min_height_last_edited=&#8221;on|phone&#8221; custom_padding=&#8221;0px||0px|||&#8221; global_colors_info=&#8221;{}&#8221;][et_pb_row _builder_version=&#8221;4.16&#8243; _module_preset=&#8221;default&#8221; max_width=&#8221;1400px&#8221; height_tablet=&#8221;&#8221; height_phone=&#8221;&#8221; height_last_edited=&#8221;on|phone&#8221; custom_padding=&#8221;||0px|||&#8221; global_colors_info=&#8221;{}&#8221;][et_pb_column type=&#8221;4_4&#8243; _builder_version=&#8221;4.16&#8243; _module_preset=&#8221;default&#8221; global_colors_info=&#8221;{}&#8221;][dica_divi_carousel show_items_desktop=&#8221;1&#8243; show_items_tablet=&#8221;1&#8243; transition_duration=&#8221;1500&#8243; loop=&#8221;on&#8221; autoplay=&#8221;on&#8221; hoverpause=&#8221;on&#8221; arrow_nav=&#8221;on&#8221; item_spacing=&#8221;0&#8243; lazy_loading=&#8221;on&#8221; load_before_transition=&#8221;on&#8221; advanced_effect=&#8221;1&#8243; arrow_nav_color=&#8221;#000000&#8243; arrow_bg_color=&#8221;RGBA(0,0,0,0)&#8221; image_force_fullwidth=&#8221;on&#8221; arrow_position=&#8221;middle-outside&#8221; arrow_show_hover=&#8221;on&#8221; arrow_font_size=&#8221;47px&#8221; arrow_position_tablet=&#8221;&#8221; arrow_position_phone=&#8221;&#8221; arrow_position_last_edited=&#8221;on|desktop&#8221; _builder_version=&#8221;4.18.0&#8243; _module_preset=&#8221;default&#8221; background_color=&#8221;#FFFFFF&#8221; global_colors_info=&#8221;{}&#8221;][dica_divi_carouselitem button_url_new_window=&#8221;1&#8243; image=&#8221;https:\/\/www.ambion.de\/wp-content\/uploads\/2025\/05\/Zukunftstag_Mittelstand_2025-4.jpg&#8221; _builder_version=&#8221;4.18.0&#8243; _module_preset=&#8221;default&#8221; global_colors_info=&#8221;{}&#8221;][\/dica_divi_carouselitem][dica_divi_carouselitem button_url_new_window=&#8221;1&#8243; image=&#8221;https:\/\/www.ambion.de\/wp-content\/uploads\/2025\/05\/Zukunftstag_Mittelstand_2025-5.jpg&#8221; _builder_version=&#8221;4.18.0&#8243; _module_preset=&#8221;default&#8221; global_colors_info=&#8221;{}&#8221;][\/dica_divi_carouselitem][\/dica_divi_carousel][\/et_pb_column][\/et_pb_row][et_pb_row _builder_version=&#8221;4.18.0&#8243; _module_preset=&#8221;default&#8221; global_colors_info=&#8221;{}&#8221;][et_pb_column type=&#8221;4_4&#8243; _builder_version=&#8221;4.18.0&#8243; _module_preset=&#8221;default&#8221; global_colors_info=&#8221;{}&#8221;][et_pb_text _builder_version=&#8221;4.18.0&#8243; _module_preset=&#8221;default&#8221; text_font_size=&#8221;12px&#8221; text_orientation=&#8221;right&#8221; global_colors_info=&#8221;{}&#8221;][\/et_pb_text][\/et_pb_column][\/et_pb_row][\/et_pb_section][et_pb_section fb_built=&#8221;1&#8243; _builder_version=&#8221;4.16&#8243; _module_preset=&#8221;default&#8221; custom_padding=&#8221;||2px|||&#8221; global_colors_info=&#8221;{}&#8221;][et_pb_row column_structure=&#8221;3_5,2_5&#8243; _builder_version=&#8221;4.16&#8243; _module_preset=&#8221;default&#8221; max_width=&#8221;1400px&#8221; global_colors_info=&#8221;{}&#8221;][et_pb_column type=&#8221;3_5&#8243; _builder_version=&#8221;4.16&#8243; _module_preset=&#8221;default&#8221; global_colors_info=&#8221;{}&#8221;][et_pb_text _builder_version=&#8221;4.18.0&#8243; _module_preset=&#8221;default&#8221; header_font_size=&#8221;100px&#8221; custom_margin=&#8221;-89px||||false|false&#8221; header_font_size_tablet=&#8221;80px&#8221; header_font_size_phone=&#8221;40px&#8221; header_font_size_last_edited=&#8221;on|tablet&#8221; global_colors_info=&#8221;{}&#8221;]<\/p>\n<h1>_<br \/>ZUKUNFTSTAG<br \/>MITTELSTAND<\/h1>\n<p>&nbsp;<\/p>\n<p>[\/et_pb_text][\/et_pb_column][et_pb_column type=&#8221;2_5&#8243; _builder_version=&#8221;4.16&#8243; _module_preset=&#8221;default&#8221; global_colors_info=&#8221;{}&#8221;][et_pb_text _builder_version=&#8221;4.18.0&#8243; _module_preset=&#8221;default&#8221; custom_padding=&#8221;||0px|||&#8221; hover_enabled=&#8221;0&#8243; global_colors_info=&#8221;{}&#8221; sticky_enabled=&#8221;0&#8243;]<\/p>\n<p>The BVMW e. V. &#8211; the German Association of Small and Medium-Sized Enterprises &#8211; recently met again in Berlin for the SME Future Day. Under the motto \u201cvalues &amp; prosperity\u201d, around 6,500 entrepreneurs from the SME sector, politicians such as Gregor Gysi and journalists came together to discuss the major issues of the future.<\/p>\n<p>[\/et_pb_text][\/et_pb_column][\/et_pb_row][\/et_pb_section][et_pb_section fb_built=&#8221;1&#8243; _builder_version=&#8221;4.16&#8243; _module_preset=&#8221;default&#8221; width=&#8221;99.6%&#8221; custom_padding=&#8221;7px||3px|||&#8221; global_colors_info=&#8221;{}&#8221;][et_pb_row column_structure=&#8221;2_5,3_5&#8243; _builder_version=&#8221;4.18.0&#8243; _module_preset=&#8221;default&#8221; max_width=&#8221;1400px&#8221; global_colors_info=&#8221;{}&#8221;][et_pb_column type=&#8221;2_5&#8243; _builder_version=&#8221;4.16&#8243; _module_preset=&#8221;default&#8221; global_colors_info=&#8221;{}&#8221;][et_pb_text module_class=&#8221;AMBION-custom-list&#8221; _builder_version=&#8221;4.18.0&#8243; _module_preset=&#8221;default&#8221; transform_scale_linked=&#8221;off&#8221; transform_translate_linked=&#8221;off&#8221; custom_margin=&#8221;0px||||false|false&#8221; custom_margin_tablet=&#8221;&#8221; custom_margin_phone=&#8221;0px||||false|false&#8221; custom_margin_last_edited=&#8221;on|desktop&#8221; custom_padding=&#8221;0px||0px||false|false&#8221; custom_padding_tablet=&#8221;0px||||false|false&#8221; custom_padding_phone=&#8221;0px||||false|false&#8221; custom_padding_last_edited=&#8221;on|phone&#8221; hover_enabled=&#8221;0&#8243; global_colors_info=&#8221;{}&#8221; sticky_enabled=&#8221;0&#8243;]<\/p>\n<p>We technically implemented the project as a full production. A total area of 23,000 square meters &#8211; 2 main stages, 8 side stages, the 50th anniversary exhibition, the club event and various exhibition stands &#8211; were equipped with all disciplines of event technology.<\/p>\n<p>[\/et_pb_text][dvmd_image_box image_url=&#8221;https:\/\/www.ambion.de\/wp-content\/uploads\/2025\/05\/Zukunftstag_Mittelstand_2025-3.jpg&#8221; image_box_size_preset=&#8221;150%&#8221; caption_source=&#8221;caption&#8221; _builder_version=&#8221;4.18.0&#8243; _module_preset=&#8221;default&#8221; global_colors_info=&#8221;{}&#8221;][\/dvmd_image_box][\/et_pb_column][et_pb_column type=&#8221;3_5&#8243; _builder_version=&#8221;4.18.0&#8243; _module_preset=&#8221;default&#8221; global_colors_info=&#8221;{}&#8221;][dvmd_image_box image_url=&#8221;https:\/\/www.ambion.de\/wp-content\/uploads\/2025\/05\/Zukunftstag_Mittelstand_2025-2.jpg&#8221; caption_source=&#8221;caption&#8221; _builder_version=&#8221;4.18.0&#8243; _module_preset=&#8221;default&#8221; global_colors_info=&#8221;{}&#8221;][\/dvmd_image_box][\/et_pb_column][\/et_pb_row][et_pb_row column_structure=&#8221;3_5,2_5&#8243; _builder_version=&#8221;4.18.0&#8243; _module_preset=&#8221;default&#8221; global_colors_info=&#8221;{}&#8221;][et_pb_column type=&#8221;3_5&#8243; _builder_version=&#8221;4.18.0&#8243; _module_preset=&#8221;default&#8221; global_colors_info=&#8221;{}&#8221;][dvmd_image_box image_url=&#8221;https:\/\/www.ambion.de\/wp-content\/uploads\/2025\/05\/Zukunftstag_Mittelstand_2025-1.jpg&#8221; image_box_size_preset=&#8221;66.7%&#8221; caption_source=&#8221;caption&#8221; _builder_version=&#8221;4.18.0&#8243; _module_preset=&#8221;default&#8221; global_colors_info=&#8221;{}&#8221;][\/dvmd_image_box][\/et_pb_column][et_pb_column type=&#8221;2_5&#8243; _builder_version=&#8221;4.18.0&#8243; _module_preset=&#8221;default&#8221; global_colors_info=&#8221;{}&#8221;][et_pb_text _builder_version=&#8221;4.18.0&#8243; _module_preset=&#8221;default&#8221; custom_margin_tablet=&#8221;&#8221; custom_margin_phone=&#8221;&#8221; custom_margin_last_edited=&#8221;on|desktop&#8221; custom_padding=&#8221;0px||||false|false&#8221; hover_enabled=&#8221;0&#8243; global_colors_info=&#8221;{}&#8221; sticky_enabled=&#8221;0&#8243;]<\/p>\n<p>630 spotlights, 1420 running meters of truss, 128 motors, 110 loudspeakers, 160 displays, 80 square meters of LED surfaces, 64 show lights, the media and image control, the live streaming and the power supply in all areas were installed for the event at STATION Berlin.<\/p>\n<p>[\/et_pb_text][\/et_pb_column][\/et_pb_row][\/et_pb_section]<\/p>\n","protected":false},"excerpt":{"rendered":"<p><div class=\"et_pb_module dica_divi_carousel dica_divi_carousel_0\">\n\t\t\t\t\n\t\t\t\t\n\t\t\t\t\n\t\t\t\t\n\t\t\t\t\n\t\t\t\t\n\t\t\t\t<div class=\"et_pb_module_inner\">\n\t\t\t\t\t<div class=\"dica-container  desktop_middle-outside tablet_middle-outside mobile_middle-outside arrow-on-hover\" data-props='{\"desktop\":\"1\",\"tablet\":\"1\",\"mobile\":\"1\",\"speed\":\"1500\",\"arrow\":\"on\",\"dots\":\"off\",\"autoplay\":\"on\",\"autoSpeed\":\"1000\",\"loop\":\"on\",\"item_spacing\":\"0\",\"center_mode\":\"off\",\"slider_effec\":\"1\",\"cover_rotate\":\"50\",\"pause_onhover\":\"on\",\"multislide\":\"off\",\"cfshadow\":\"on\",\"order\":\"0\",\"lazyload\":\"on\",\"lazybefore\":\"on\",\"scroller_effect\":\"off\",\"autowidth\":\"off\",\"item_spacing_tablet\":\"0\",\"item_spacing_phone\":\"0\",\"scroller_speed\":\"4000\",\"hashNavigation\":\"off\"}'>\r\n\t\t\t\t\t\t\t \t<div class=\"swiper-container\">\r\n\t\t\t\t\t\t\t\t\t<div class=\"swiper-wrapper\"><div class=\"et_pb_module dica_divi_carouselitem dica_divi_carouselitem_0\">\n\t\t\t\t\n\t\t\t\t\n\t\t\t\t\n\t\t\t\t\n\t\t\t\t\n\t\t\t\t\n\t\t\t\t<div class=\"et_pb_module_inner\">\n\t\t\t\t\t<div class=\"dica-item empty-content image_top swiper-lazy loading\"   data-hash=\"dica_divi_carouselitem_0\">\r\n\t\t\t\t\t\t\t\t\t<div class=\"dica-image-container\"><span class=\"image\"><img data-src=\"https:\/\/www.ambion.de\/wp-content\/uploads\/2025\/05\/Zukunftstag_Mittelstand_2025-4.jpg\" alt=\"\" class=\"dica-item-image swiper-lazy\" \/><div class=\"swiper-lazy-preloader swiper-lazy-preloader-white\"><\/div><\/span><\/div>\r\n\t\t\t\t\t\t\t\t\t\r\n\t\t\t\t\t\t\t<\/div>\n\t\t\t\t<\/div>\n\t\t\t<\/div><div class=\"et_pb_module dica_divi_carouselitem dica_divi_carouselitem_1\">\n\t\t\t\t\n\t\t\t\t\n\t\t\t\t\n\t\t\t\t\n\t\t\t\t\n\t\t\t\t\n\t\t\t\t<div class=\"et_pb_module_inner\">\n\t\t\t\t\t<div class=\"dica-item empty-content image_top swiper-lazy loading\"   data-hash=\"dica_divi_carouselitem_1\">\r\n\t\t\t\t\t\t\t\t\t<div class=\"dica-image-container\"><span class=\"image\"><img data-src=\"https:\/\/www.ambion.de\/wp-content\/uploads\/2025\/05\/Zukunftstag_Mittelstand_2025-5.jpg\" alt=\"\" class=\"dica-item-image swiper-lazy\" \/><div class=\"swiper-lazy-preloader swiper-lazy-preloader-white\"><\/div><\/span><\/div>\r\n\t\t\t\t\t\t\t\t\t\r\n\t\t\t\t\t\t\t<\/div>\n\t\t\t\t<\/div>\n\t\t\t<\/div><\/div>\t\r\n\t\t\t\t\t\t\t\t<\/div>\t\r\n\t\t\t\t\t\t\t\t<div class=\"swiper-buttton-container\"><div class=\"swiper-button-prev dica-prev-btn-0\" data-icon=\"4\"><\/div><div class=\"swiper-button-next dica-next-btn-0\" data-icon=\"5\"><\/div><\/div>\r\n\t\t\t\t\t\t\t\t\t\t\t\t\t\t\r\n\t\t\t\t\t\t\t<\/div>\n\t\t\t\t<\/div>\n\t\t\t<\/div>_ZUKUNFTSTAGMITTELSTAND &nbsp;The BVMW e. V. &#8211; the German Association of Small and Medium-Sized Enterprises &#8211; recently met again in Berlin for [&hellip;]<\/p>\n","protected":false},"author":3,"featured_media":41179,"comment_status":"closed","ping_status":"closed","template":"","meta":{"_et_pb_use_builder":"on","_et_pb_old_content":"[et_pb_section fb_built=\"1\" _builder_version=\"4.16\" _module_preset=\"default\" background_color=\"RGBA(255,255,255,0)\" min_height_tablet=\"\" min_height_phone=\"\" min_height_last_edited=\"on|phone\" custom_padding=\"0px||0px|||\" global_colors_info=\"{}\"][et_pb_row _builder_version=\"4.16\" _module_preset=\"default\" max_width=\"1400px\" height_tablet=\"\" height_phone=\"\" height_last_edited=\"on|phone\" custom_padding=\"||0px|||\" global_colors_info=\"{}\"][et_pb_column type=\"4_4\" _builder_version=\"4.16\" _module_preset=\"default\" global_colors_info=\"{}\"][dica_divi_carousel show_items_desktop=\"1\" show_items_tablet=\"1\" transition_duration=\"1500\" loop=\"on\" autoplay=\"on\" hoverpause=\"on\" arrow_nav=\"on\" item_spacing=\"0\" lazy_loading=\"on\" load_before_transition=\"on\" advanced_effect=\"1\" arrow_nav_color=\"#000000\" arrow_bg_color=\"RGBA(0,0,0,0)\" image_force_fullwidth=\"on\" arrow_position=\"middle-outside\" arrow_show_hover=\"on\" arrow_font_size=\"47px\" arrow_position_tablet=\"\" arrow_position_phone=\"\" arrow_position_last_edited=\"on|desktop\" _builder_version=\"4.18.0\" _module_preset=\"default\" background_color=\"#FFFFFF\" global_colors_info=\"{}\"][dica_divi_carouselitem button_url_new_window=\"1\" image=\"https:\/\/www.ambion.de\/wp-content\/uploads\/2025\/05\/AMBION_iF-Design_2025.jpg\" _builder_version=\"4.18.0\" _module_preset=\"default\" global_colors_info=\"{}\"][\/dica_divi_carouselitem][dica_divi_carouselitem button_url_new_window=\"1\" image=\"https:\/\/www.ambion.de\/wp-content\/uploads\/2025\/05\/AMBION_iF-Design_2025-4.jpg\" _builder_version=\"4.18.0\" _module_preset=\"default\" global_colors_info=\"{}\"][\/dica_divi_carouselitem][\/dica_divi_carousel][et_pb_text _builder_version=\"4.18.0\" _module_preset=\"default\" text_font_size=\"9px\" text_orientation=\"right\" custom_margin=\"-30px||||false|false\" custom_padding=\"0px||25px||false|false\" global_colors_info=\"{}\"]\n\nPhoto: Marlena Waldthausen\n\n[\/et_pb_text][\/et_pb_column][\/et_pb_row][et_pb_row _builder_version=\"4.18.0\" _module_preset=\"default\" global_colors_info=\"{}\"][et_pb_column type=\"4_4\" _builder_version=\"4.18.0\" _module_preset=\"default\" global_colors_info=\"{}\"][et_pb_text _builder_version=\"4.18.0\" _module_preset=\"default\" text_font_size=\"12px\" text_orientation=\"right\" global_colors_info=\"{}\"][\/et_pb_text][\/et_pb_column][\/et_pb_row][\/et_pb_section][et_pb_section fb_built=\"1\" _builder_version=\"4.16\" _module_preset=\"default\" custom_padding=\"||2px|||\" global_colors_info=\"{}\"][et_pb_row column_structure=\"3_5,2_5\" _builder_version=\"4.16\" _module_preset=\"default\" max_width=\"1400px\" global_colors_info=\"{}\"][et_pb_column type=\"3_5\" _builder_version=\"4.16\" _module_preset=\"default\" global_colors_info=\"{}\"][et_pb_text _builder_version=\"4.18.0\" _module_preset=\"default\" header_font_size=\"100px\" custom_margin=\"-89px||||false|false\" header_font_size_tablet=\"80px\" header_font_size_phone=\"40px\" header_font_size_last_edited=\"on|tablet\" global_colors_info=\"{}\"]\n<h1>_\niF DESIGN AWARD NIGHT<\/h1>\n&nbsp;\n\n[\/et_pb_text][\/et_pb_column][et_pb_column type=\"2_5\" _builder_version=\"4.16\" _module_preset=\"default\" global_colors_info=\"{}\"][et_pb_text _builder_version=\"4.18.0\" _module_preset=\"default\" custom_padding=\"||0px|||\" global_colors_info=\"{}\"]\n\n<span>Drei riesige LED-Walls mit insgesamt 108 qm ROE Topaz im legend\u00e4ren Friedrichstadt-Palast Berlin bildeten das visuelle Herzst\u00fcck der Show \u2013 perfekt f\u00fcr starke Kamera-Shots, kraftvolle Graphics und dynamische Animationen. Rund 2.000 G\u00e4ste aus \u00fcber 50 Nationen bekamen eine Show, die exzellentes Design richtig feiern konnte.<\/span>\n\n[\/et_pb_text][\/et_pb_column][\/et_pb_row][\/et_pb_section][et_pb_section fb_built=\"1\" _builder_version=\"4.16\" _module_preset=\"default\" width=\"99.6%\" custom_padding=\"7px||3px|||\" global_colors_info=\"{}\"][et_pb_row column_structure=\"2_5,3_5\" _builder_version=\"4.18.0\" _module_preset=\"default\" max_width=\"1400px\" global_colors_info=\"{}\"][et_pb_column type=\"2_5\" _builder_version=\"4.16\" _module_preset=\"default\" global_colors_info=\"{}\"][et_pb_text module_class=\"AMBION-custom-list\" _builder_version=\"4.18.0\" _module_preset=\"default\" transform_scale_linked=\"off\" transform_translate_linked=\"off\" custom_margin=\"0px||||false|false\" custom_margin_tablet=\"\" custom_margin_phone=\"0px||||false|false\" custom_margin_last_edited=\"on|desktop\" custom_padding=\"0px||0px||false|false\" custom_padding_tablet=\"0px||||false|false\" custom_padding_phone=\"0px||||false|false\" custom_padding_last_edited=\"on|phone\" global_colors_info=\"{}\"]\n\n<span>Ein besonderer H\u00f6hepunkt: Lord Norman Foster, britische Architekturlegende, nahm unter Standing Ovations den iF Design Lifetime Achievement Award entgegen \u2013 \u00fcberreicht von iF Design CEO Uwe Cremering.<\/span>\n\n[\/et_pb_text][dvmd_image_box image_url=\"https:\/\/www.ambion.de\/wp-content\/uploads\/2025\/05\/AMBION_iF-Design-2025-5-1.jpg\" image_box_size_preset=\"125%\" caption_source=\"description\" _builder_version=\"4.18.0\" _module_preset=\"default\" global_colors_info=\"{}\"][\/dvmd_image_box][et_pb_text _builder_version=\"4.18.0\" _module_preset=\"default\" custom_margin_tablet=\"\" custom_margin_phone=\"\" custom_margin_last_edited=\"on|desktop\" custom_padding=\"0px||||false|false\" global_colors_info=\"{}\"]\n\n<span>Zum vierten Mal waren wir in allen Bereichen und mit allen Disziplinen der Veranstaltungstechnik dabei. Danke an das Team vom iF DESIGN AWARD und OBJ f\u00fcr die wie immer starke Zusammenarbeit. Und nat\u00fcrlich: Gl\u00fcckwunsch an alle Preistr\u00e4ger*innen!<\/span>\n\n[\/et_pb_text][\/et_pb_column][et_pb_column type=\"3_5\" _builder_version=\"4.18.0\" _module_preset=\"default\" global_colors_info=\"{}\"][dvmd_image_box image_url=\"https:\/\/www.ambion.de\/wp-content\/uploads\/2025\/05\/AMBION_iF-Design_2025-5.jpg\" image_box_size_preset=\"66.7%\" caption_source=\"caption\" _builder_version=\"4.18.0\" _module_preset=\"default\" global_colors_info=\"{}\"][\/dvmd_image_box][dvmd_image_box image_url=\"https:\/\/www.ambion.de\/wp-content\/uploads\/2025\/05\/AMBION_iF-Design_2025-1.jpg\" caption_source=\"caption\" _builder_version=\"4.18.0\" _module_preset=\"default\" global_colors_info=\"{}\"][\/dvmd_image_box][\/et_pb_column][\/et_pb_row][et_pb_row column_structure=\"3_5,2_5\" _builder_version=\"4.18.0\" _module_preset=\"default\" global_colors_info=\"{}\"][et_pb_column type=\"3_5\" _builder_version=\"4.18.0\" _module_preset=\"default\" global_colors_info=\"{}\"][dvmd_image_box image_url=\"https:\/\/www.ambion.de\/wp-content\/uploads\/2025\/05\/AMBION_iF-Design_2025-3.jpg\" image_box_size_preset=\"66.7%\" caption_source=\"caption\" _builder_version=\"4.18.0\" _module_preset=\"default\" global_colors_info=\"{}\"][\/dvmd_image_box][\/et_pb_column][et_pb_column type=\"2_5\" _builder_version=\"4.18.0\" _module_preset=\"default\" global_colors_info=\"{}\"][\/et_pb_column][\/et_pb_row][\/et_pb_section]","_et_gb_content_width":""},"project_category":[105,10,115,18],"project_tag":[],"yoast_head":"<!-- This site is optimized with the Yoast SEO plugin v19.6.1 - https:\/\/yoast.com\/wordpress\/plugins\/seo\/ -->\n<title>Zukunftstag Mittelstand - AMBION<\/title>\n<meta name=\"robots\" content=\"index, follow, max-snippet:-1, max-image-preview:large, max-video-preview:-1\" \/>\n<link rel=\"canonical\" href=\"https:\/\/www.ambion.de\/en\/project\/zukunfstag-bvmw\/\" \/>\n<meta name=\"twitter:label1\" content=\"Est. reading time\" \/>\n\t<meta name=\"twitter:data1\" content=\"4 minutes\" \/>\n<script type=\"application\/ld+json\" class=\"yoast-schema-graph\">{\"@context\":\"https:\/\/schema.org\",\"@graph\":[{\"@type\":\"WebPage\",\"@id\":\"https:\/\/www.ambion.de\/en\/project\/zukunfstag-bvmw\/\",\"url\":\"https:\/\/www.ambion.de\/en\/project\/zukunfstag-bvmw\/\",\"name\":\"Zukunftstag Mittelstand - AMBION\",\"isPartOf\":{\"@id\":\"https:\/\/www.ambion.de\/en\/#website\"},\"datePublished\":\"2025-05-14T12:52:48+00:00\",\"dateModified\":\"2025-05-14T15:14:25+00:00\",\"breadcrumb\":{\"@id\":\"https:\/\/www.ambion.de\/en\/project\/zukunfstag-bvmw\/#breadcrumb\"},\"inLanguage\":\"en-US\",\"potentialAction\":[{\"@type\":\"ReadAction\",\"target\":[\"https:\/\/www.ambion.de\/en\/project\/zukunfstag-bvmw\/\"]}]},{\"@type\":\"BreadcrumbList\",\"@id\":\"https:\/\/www.ambion.de\/en\/project\/zukunfstag-bvmw\/#breadcrumb\",\"itemListElement\":[{\"@type\":\"ListItem\",\"position\":1,\"name\":\"Startseite\",\"item\":\"https:\/\/www.ambion.de\/en\/\"},{\"@type\":\"ListItem\",\"position\":2,\"name\":\"Projects\",\"item\":\"https:\/\/www.ambion.de\/en\/project\/\"},{\"@type\":\"ListItem\",\"position\":3,\"name\":\"Zukunftstag Mittelstand\"}]},{\"@type\":\"WebSite\",\"@id\":\"https:\/\/www.ambion.de\/en\/#website\",\"url\":\"https:\/\/www.ambion.de\/en\/\",\"name\":\"AMBION\",\"description\":\"Die Full-Service Production Company f\u00fcr Live-Erlebnisse und digitale Produktionen\",\"potentialAction\":[{\"@type\":\"SearchAction\",\"target\":{\"@type\":\"EntryPoint\",\"urlTemplate\":\"https:\/\/www.ambion.de\/en\/?s={search_term_string}\"},\"query-input\":\"required name=search_term_string\"}],\"inLanguage\":\"en-US\"}]}<\/script>\n<!-- \/ Yoast SEO plugin. -->","yoast_head_json":{"title":"Zukunftstag Mittelstand - AMBION","robots":{"index":"index","follow":"follow","max-snippet":"max-snippet:-1","max-image-preview":"max-image-preview:large","max-video-preview":"max-video-preview:-1"},"canonical":"https:\/\/www.ambion.de\/en\/project\/zukunfstag-bvmw\/","twitter_misc":{"Est. reading time":"4 minutes"},"schema":{"@context":"https:\/\/schema.org","@graph":[{"@type":"WebPage","@id":"https:\/\/www.ambion.de\/en\/project\/zukunfstag-bvmw\/","url":"https:\/\/www.ambion.de\/en\/project\/zukunfstag-bvmw\/","name":"Zukunftstag Mittelstand - AMBION","isPartOf":{"@id":"https:\/\/www.ambion.de\/en\/#website"},"datePublished":"2025-05-14T12:52:48+00:00","dateModified":"2025-05-14T15:14:25+00:00","breadcrumb":{"@id":"https:\/\/www.ambion.de\/en\/project\/zukunfstag-bvmw\/#breadcrumb"},"inLanguage":"en-US","potentialAction":[{"@type":"ReadAction","target":["https:\/\/www.ambion.de\/en\/project\/zukunfstag-bvmw\/"]}]},{"@type":"BreadcrumbList","@id":"https:\/\/www.ambion.de\/en\/project\/zukunfstag-bvmw\/#breadcrumb","itemListElement":[{"@type":"ListItem","position":1,"name":"Startseite","item":"https:\/\/www.ambion.de\/en\/"},{"@type":"ListItem","position":2,"name":"Projects","item":"https:\/\/www.ambion.de\/en\/project\/"},{"@type":"ListItem","position":3,"name":"Zukunftstag Mittelstand"}]},{"@type":"WebSite","@id":"https:\/\/www.ambion.de\/en\/#website","url":"https:\/\/www.ambion.de\/en\/","name":"AMBION","description":"Die Full-Service Production Company f\u00fcr Live-Erlebnisse und digitale Produktionen","potentialAction":[{"@type":"SearchAction","target":{"@type":"EntryPoint","urlTemplate":"https:\/\/www.ambion.de\/en\/?s={search_term_string}"},"query-input":"required name=search_term_string"}],"inLanguage":"en-US"}]}},"_links":{"self":[{"href":"https:\/\/www.ambion.de\/en\/wp-json\/wp\/v2\/project\/41187"}],"collection":[{"href":"https:\/\/www.ambion.de\/en\/wp-json\/wp\/v2\/project"}],"about":[{"href":"https:\/\/www.ambion.de\/en\/wp-json\/wp\/v2\/types\/project"}],"author":[{"embeddable":true,"href":"https:\/\/www.ambion.de\/en\/wp-json\/wp\/v2\/users\/3"}],"replies":[{"embeddable":true,"href":"https:\/\/www.ambion.de\/en\/wp-json\/wp\/v2\/comments?post=41187"}],"version-history":[{"count":4,"href":"https:\/\/www.ambion.de\/en\/wp-json\/wp\/v2\/project\/41187\/revisions"}],"predecessor-version":[{"id":41193,"href":"https:\/\/www.ambion.de\/en\/wp-json\/wp\/v2\/project\/41187\/revisions\/41193"}],"wp:featuredmedia":[{"embeddable":true,"href":"https:\/\/www.ambion.de\/en\/wp-json\/wp\/v2\/media\/41179"}],"wp:attachment":[{"href":"https:\/\/www.ambion.de\/en\/wp-json\/wp\/v2\/media?parent=41187"}],"wp:term":[{"taxonomy":"project_category","embeddable":true,"href":"https:\/\/www.ambion.de\/en\/wp-json\/wp\/v2\/project_category?post=41187"},{"taxonomy":"project_tag","embeddable":true,"href":"https:\/\/www.ambion.de\/en\/wp-json\/wp\/v2\/project_tag?post=41187"}],"curies":[{"name":"wp","href":"https:\/\/api.w.org\/{rel}","templated":true}]}}