{"id":38365,"date":"2024-02-08T11:47:40","date_gmt":"2024-02-08T10:47:40","guid":{"rendered":"https:\/\/www.ambion.de\/project\/celebrate-at-the-gate\/"},"modified":"2024-02-08T12:15:12","modified_gmt":"2024-02-08T11:15:12","slug":"celebrate-at-the-gate","status":"publish","type":"project","link":"https:\/\/www.ambion.de\/en\/project\/celebrate-at-the-gate\/","title":{"rendered":"New Year\u2019s Eve at the Brandenburg Gate"},"content":{"rendered":"<p>[et_pb_section fb_built=&#8221;1&#8243; _builder_version=&#8221;4.16&#8243; _module_preset=&#8221;default&#8221; background_color=&#8221;RGBA(255,255,255,0)&#8221; min_height_tablet=&#8221;&#8221; min_height_phone=&#8221;&#8221; min_height_last_edited=&#8221;on|phone&#8221; custom_padding=&#8221;0px||0px|||&#8221; global_colors_info=&#8221;{}&#8221;][et_pb_row _builder_version=&#8221;4.16&#8243; _module_preset=&#8221;default&#8221; max_width=&#8221;1400px&#8221; height_tablet=&#8221;&#8221; height_phone=&#8221;&#8221; height_last_edited=&#8221;on|phone&#8221; custom_padding=&#8221;||0px|||&#8221; global_colors_info=&#8221;{}&#8221;][et_pb_column type=&#8221;4_4&#8243; _builder_version=&#8221;4.16&#8243; _module_preset=&#8221;default&#8221; global_colors_info=&#8221;{}&#8221;][dica_divi_carousel show_items_desktop=&#8221;1&#8243; show_items_tablet=&#8221;1&#8243; transition_duration=&#8221;1500&#8243; loop=&#8221;on&#8221; autoplay=&#8221;on&#8221; hoverpause=&#8221;on&#8221; arrow_nav=&#8221;on&#8221; item_spacing=&#8221;0&#8243; lazy_loading=&#8221;on&#8221; load_before_transition=&#8221;on&#8221; advanced_effect=&#8221;1&#8243; arrow_nav_color=&#8221;#000000&#8243; arrow_bg_color=&#8221;RGBA(0,0,0,0)&#8221; image_force_fullwidth=&#8221;on&#8221; arrow_position=&#8221;middle-outside&#8221; arrow_show_hover=&#8221;on&#8221; arrow_font_size=&#8221;47px&#8221; arrow_position_tablet=&#8221;&#8221; arrow_position_phone=&#8221;&#8221; arrow_position_last_edited=&#8221;on|desktop&#8221; _builder_version=&#8221;4.18.0&#8243; _module_preset=&#8221;default&#8221; background_color=&#8221;#FFFFFF&#8221; global_colors_info=&#8221;{}&#8221;][dica_divi_carouselitem button_url_new_window=&#8221;1&#8243; image=&#8221;https:\/\/www.ambion.de\/wp-content\/uploads\/2024\/02\/AMBION_Silvester_2.jpg&#8221; _builder_version=&#8221;4.18.0&#8243; _module_preset=&#8221;default&#8221; global_colors_info=&#8221;{}&#8221;][\/dica_divi_carouselitem][\/dica_divi_carousel][\/et_pb_column][\/et_pb_row][\/et_pb_section][et_pb_section fb_built=&#8221;1&#8243; _builder_version=&#8221;4.16&#8243; _module_preset=&#8221;default&#8221; custom_padding=&#8221;||2px|||&#8221; global_colors_info=&#8221;{}&#8221;][et_pb_row column_structure=&#8221;3_5,2_5&#8243; _builder_version=&#8221;4.16&#8243; _module_preset=&#8221;default&#8221; max_width=&#8221;1400px&#8221; global_colors_info=&#8221;{}&#8221;][et_pb_column type=&#8221;3_5&#8243; _builder_version=&#8221;4.16&#8243; _module_preset=&#8221;default&#8221; global_colors_info=&#8221;{}&#8221;][et_pb_text _builder_version=&#8221;4.18.0&#8243; _module_preset=&#8221;default&#8221; header_font_size=&#8221;100px&#8221; custom_margin=&#8221;-89px||||false|false&#8221; header_font_size_tablet=&#8221;80px&#8221; header_font_size_phone=&#8221;40px&#8221; header_font_size_last_edited=&#8221;on|tablet&#8221; global_colors_info=&#8221;{}&#8221;]<\/p>\n<h1>_<br \/>Celebrate at the gate<\/h1>\n<p>[\/et_pb_text][\/et_pb_column][et_pb_column type=&#8221;2_5&#8243; _builder_version=&#8221;4.16&#8243; _module_preset=&#8221;default&#8221; global_colors_info=&#8221;{}&#8221;][et_pb_text _builder_version=&#8221;4.18.0&#8243; _module_preset=&#8221;default&#8221; custom_padding=&#8221;||0px|||&#8221; hover_enabled=&#8221;0&#8243; global_colors_info=&#8221;{}&#8221; sticky_enabled=&#8221;0&#8243;]<\/p>\n<p><span>Together with 65,000 guests, our New Year\u2019s Eve crew kicked off the new year at the Brandenburg Gate. As last year, the big party under the motto \u201cCelebrate at the Gate\u201d was hosted by Andrea Kiewel and Johannes B. Kerner. Musical highlights were provided by Ayliva, Roy Bianco &amp; Die Abbrunzati Boys and Chris Norman, among others.<\/span><\/p>\n<p>[\/et_pb_text][\/et_pb_column][\/et_pb_row][\/et_pb_section][et_pb_section fb_built=&#8221;1&#8243; _builder_version=&#8221;4.16&#8243; _module_preset=&#8221;default&#8221; width=&#8221;99.6%&#8221; custom_padding=&#8221;7px||3px|||&#8221; global_colors_info=&#8221;{}&#8221;][et_pb_row column_structure=&#8221;1_2,1_2&#8243; _builder_version=&#8221;4.18.0&#8243; _module_preset=&#8221;default&#8221; max_width=&#8221;1400px&#8221; global_colors_info=&#8221;{}&#8221;][et_pb_column type=&#8221;1_2&#8243; _builder_version=&#8221;4.16&#8243; _module_preset=&#8221;default&#8221; global_colors_info=&#8221;{}&#8221;][et_pb_text module_class=&#8221;AMBION-custom-list&#8221; _builder_version=&#8221;4.18.0&#8243; _module_preset=&#8221;default&#8221; custom_margin=&#8221;0px||||false|false&#8221; custom_margin_tablet=&#8221;&#8221; custom_margin_phone=&#8221;0px||||false|false&#8221; custom_margin_last_edited=&#8221;on|phone&#8221; custom_padding=&#8221;0px||0px||false|false&#8221; custom_padding_tablet=&#8221;0px||||false|false&#8221; custom_padding_phone=&#8221;0px||||false|false&#8221; custom_padding_last_edited=&#8221;on|phone&#8221; hover_enabled=&#8221;0&#8243; global_colors_info=&#8221;{}&#8221; sticky_enabled=&#8221;0&#8243;]<\/p>\n<p>We provided the live sound system for the entire site and set construction on the main stage, including the stage risers for the artists. The sound system included 8 delay lines with a total of around 220 AiRays, ViRays and N-Rays as well as around 40 SCP-F and SC2 subwoofers. Of course, everything was again realised with our CODA Audio products. The signals were then sent to ZDF for live TV transmission.<\/p>\n<p>The event reached around 3.5 million people on New Year\u2019s Eve \u2013 live and on television.<\/p>\n<p>[\/et_pb_text][dvmd_image_box image_url=&#8221;https:\/\/www.ambion.de\/wp-content\/uploads\/2024\/02\/AMBION_Silvester_Brandenburger_Tor_5.jpg&#8221; image_box_size_preset=&#8221;133.3%&#8221; caption_source=&#8221;caption&#8221; _builder_version=&#8221;4.18.0&#8243; _module_preset=&#8221;default&#8221; global_colors_info=&#8221;{}&#8221;][\/dvmd_image_box][\/et_pb_column][et_pb_column type=&#8221;1_2&#8243; _builder_version=&#8221;4.18.0&#8243; _module_preset=&#8221;default&#8221; global_colors_info=&#8221;{}&#8221;][dvmd_image_box image_url=&#8221;https:\/\/www.ambion.de\/wp-content\/uploads\/2024\/02\/AMBION_Silvester_1.jpg&#8221; image_box_size_preset=&#8221;80%&#8221; caption_source=&#8221;caption&#8221; _builder_version=&#8221;4.18.0&#8243; _module_preset=&#8221;default&#8221; transform_scale_tablet=&#8221;&#8221; transform_scale_phone=&#8221;&#8221; transform_scale_last_edited=&#8221;on|tablet&#8221; transform_translate=&#8221;-1px|141px&#8221; transform_translate_tablet=&#8221;0px|0px&#8221; transform_translate_phone=&#8221;0px|0px&#8221; transform_translate_last_edited=&#8221;on|phone&#8221; transform_translate_linked=&#8221;off&#8221; transform_translate_linked_tablet=&#8221;off&#8221; transform_rotate_tablet=&#8221;&#8221; transform_rotate_phone=&#8221;&#8221; transform_rotate_last_edited=&#8221;on|desktop&#8221; transform_skew_tablet=&#8221;&#8221; transform_skew_phone=&#8221;&#8221; transform_skew_last_edited=&#8221;on|desktop&#8221; transform_origin_tablet=&#8221;&#8221; transform_origin_phone=&#8221;&#8221; transform_origin_last_edited=&#8221;on|desktop&#8221; transform_styles_last_edited=&#8221;on|phone&#8221; transform_styles_tablet=&#8221;&#8221; transform_styles_phone=&#8221;&#8221; global_colors_info=&#8221;{}&#8221;][\/dvmd_image_box][dvmd_image_box image_url=&#8221;https:\/\/www.ambion.de\/wp-content\/uploads\/2024\/02\/AMBION_Silvester_3.jpg&#8221; image_box_size_preset=&#8221;75%&#8221; caption_source=&#8221;caption&#8221; _builder_version=&#8221;4.18.0&#8243; _module_preset=&#8221;default&#8221; transform_scale_tablet=&#8221;&#8221; transform_scale_phone=&#8221;&#8221; transform_scale_last_edited=&#8221;on|desktop&#8221; transform_translate=&#8221;0px|347px&#8221; transform_translate_tablet=&#8221;0px|0px&#8221; transform_translate_phone=&#8221;0px|0px&#8221; transform_translate_last_edited=&#8221;on|tablet&#8221; transform_translate_linked_tablet=&#8221;off&#8221; transform_rotate_tablet=&#8221;&#8221; transform_rotate_phone=&#8221;&#8221; transform_rotate_last_edited=&#8221;on|desktop&#8221; transform_skew_tablet=&#8221;&#8221; transform_skew_phone=&#8221;&#8221; transform_skew_last_edited=&#8221;on|desktop&#8221; transform_origin_tablet=&#8221;&#8221; transform_origin_phone=&#8221;&#8221; transform_origin_last_edited=&#8221;on|desktop&#8221; transform_styles_last_edited=&#8221;on|tablet&#8221; transform_styles_tablet=&#8221;&#8221; transform_styles_phone=&#8221;&#8221; global_colors_info=&#8221;{}&#8221;][\/dvmd_image_box][\/et_pb_column][\/et_pb_row][\/et_pb_section][et_pb_section fb_built=&#8221;1&#8243; _builder_version=&#8221;4.18.0&#8243; _module_preset=&#8221;default&#8221; global_colors_info=&#8221;{}&#8221;][\/et_pb_section]<\/p>\n","protected":false},"excerpt":{"rendered":"<p><div class=\"et_pb_module dica_divi_carousel dica_divi_carousel_0\">\n\t\t\t\t\n\t\t\t\t\n\t\t\t\t\n\t\t\t\t\n\t\t\t\t\n\t\t\t\t\n\t\t\t\t<div class=\"et_pb_module_inner\">\n\t\t\t\t\t<div class=\"dica-container  desktop_middle-outside tablet_middle-outside mobile_middle-outside arrow-on-hover\" data-props='{\"desktop\":\"1\",\"tablet\":\"1\",\"mobile\":\"1\",\"speed\":\"1500\",\"arrow\":\"on\",\"dots\":\"off\",\"autoplay\":\"on\",\"autoSpeed\":\"1000\",\"loop\":\"on\",\"item_spacing\":\"0\",\"center_mode\":\"off\",\"slider_effec\":\"1\",\"cover_rotate\":\"50\",\"pause_onhover\":\"on\",\"multislide\":\"off\",\"cfshadow\":\"on\",\"order\":\"0\",\"lazyload\":\"on\",\"lazybefore\":\"on\",\"scroller_effect\":\"off\",\"autowidth\":\"off\",\"item_spacing_tablet\":\"0\",\"item_spacing_phone\":\"0\",\"scroller_speed\":\"4000\",\"hashNavigation\":\"off\"}'>\r\n\t\t\t\t\t\t\t \t<div class=\"swiper-container\">\r\n\t\t\t\t\t\t\t\t\t<div class=\"swiper-wrapper\"><div class=\"et_pb_module dica_divi_carouselitem dica_divi_carouselitem_0\">\n\t\t\t\t\n\t\t\t\t\n\t\t\t\t\n\t\t\t\t\n\t\t\t\t\n\t\t\t\t\n\t\t\t\t<div class=\"et_pb_module_inner\">\n\t\t\t\t\t<div class=\"dica-item empty-content image_top swiper-lazy loading\"   data-hash=\"dica_divi_carouselitem_0\">\r\n\t\t\t\t\t\t\t\t\t<div class=\"dica-image-container\"><span class=\"image\"><img data-src=\"https:\/\/www.ambion.de\/wp-content\/uploads\/2024\/02\/AMBION_Silvester_2.jpg\" alt=\"\" class=\"dica-item-image swiper-lazy\" \/><div class=\"swiper-lazy-preloader swiper-lazy-preloader-white\"><\/div><\/span><\/div>\r\n\t\t\t\t\t\t\t\t\t\r\n\t\t\t\t\t\t\t<\/div>\n\t\t\t\t<\/div>\n\t\t\t<\/div><\/div>\t\r\n\t\t\t\t\t\t\t\t<\/div>\t\r\n\t\t\t\t\t\t\t\t<div class=\"swiper-buttton-container\"><div class=\"swiper-button-prev dica-prev-btn-0\" data-icon=\"4\"><\/div><div class=\"swiper-button-next dica-next-btn-0\" data-icon=\"5\"><\/div><\/div>\r\n\t\t\t\t\t\t\t\t\t\t\t\t\t\t\r\n\t\t\t\t\t\t\t<\/div>\n\t\t\t\t<\/div>\n\t\t\t<\/div>_Celebrate at the gateTogether with 65,000 guests, our New Year\u2019s Eve crew kicked off the new year at the Brandenburg Gate. As last year, the big [&hellip;]<\/p>\n","protected":false},"author":3,"featured_media":38356,"comment_status":"closed","ping_status":"closed","template":"","meta":{"_et_pb_use_builder":"on","_et_pb_old_content":"[et_pb_section fb_built=\"1\" _builder_version=\"4.16\" _module_preset=\"default\" background_color=\"RGBA(255,255,255,0)\" min_height_tablet=\"\" min_height_phone=\"\" min_height_last_edited=\"on|phone\" custom_padding=\"0px||0px|||\" global_colors_info=\"{}\"][et_pb_row _builder_version=\"4.16\" _module_preset=\"default\" max_width=\"1400px\" height_tablet=\"\" height_phone=\"\" height_last_edited=\"on|phone\" custom_padding=\"||0px|||\" global_colors_info=\"{}\"][et_pb_column type=\"4_4\" _builder_version=\"4.16\" _module_preset=\"default\" global_colors_info=\"{}\"][dica_divi_carousel show_items_desktop=\"1\" show_items_tablet=\"1\" transition_duration=\"1500\" loop=\"on\" autoplay=\"on\" hoverpause=\"on\" arrow_nav=\"on\" item_spacing=\"0\" lazy_loading=\"on\" load_before_transition=\"on\" advanced_effect=\"1\" arrow_nav_color=\"#000000\" arrow_bg_color=\"RGBA(0,0,0,0)\" image_force_fullwidth=\"on\" arrow_position=\"middle-outside\" arrow_show_hover=\"on\" arrow_font_size=\"47px\" arrow_position_tablet=\"\" arrow_position_phone=\"\" arrow_position_last_edited=\"on|desktop\" _builder_version=\"4.18.0\" _module_preset=\"default\" background_color=\"#FFFFFF\" hover_enabled=\"0\" global_colors_info=\"{}\" sticky_enabled=\"0\"][dica_divi_carouselitem button_url_new_window=\"1\" image=\"https:\/\/www.ambion.de\/wp-content\/uploads\/2023\/11\/AMBION_yescon_AXICA_2023_03-2.jpg\" _builder_version=\"4.18.0\" _module_preset=\"default\" hover_enabled=\"0\" global_colors_info=\"{}\" title_text=\"AMBION_yescon_AXICA_2023_03\" sticky_enabled=\"0\"][\/dica_divi_carouselitem][dica_divi_carouselitem button_url_new_window=\"1\" image=\"https:\/\/www.ambion.de\/wp-content\/uploads\/2023\/11\/AMBION_yescon_AXICA_2023_09-2.jpg\" _builder_version=\"4.18.0\" _module_preset=\"default\" hover_enabled=\"0\" global_colors_info=\"{}\" title_text=\"AMBION_yescon_AXICA_2023_09\" sticky_enabled=\"0\"][\/dica_divi_carouselitem][dica_divi_carouselitem button_url_new_window=\"1\" image=\"https:\/\/www.ambion.de\/wp-content\/uploads\/2023\/11\/AMBION_yescon_AXICA_2023_07-2.jpg\" _builder_version=\"4.18.0\" _module_preset=\"default\" hover_enabled=\"0\" global_colors_info=\"{}\" title_text=\"AMBION_yescon_AXICA_2023_07\" sticky_enabled=\"0\"][\/dica_divi_carouselitem][\/dica_divi_carousel][\/et_pb_column][\/et_pb_row][\/et_pb_section][et_pb_section fb_built=\"1\" _builder_version=\"4.16\" _module_preset=\"default\" custom_padding=\"||2px|||\" global_colors_info=\"{}\"][et_pb_row column_structure=\"3_5,2_5\" _builder_version=\"4.16\" _module_preset=\"default\" max_width=\"1400px\" global_colors_info=\"{}\"][et_pb_column type=\"3_5\" _builder_version=\"4.16\" _module_preset=\"default\" global_colors_info=\"{}\"][et_pb_text _builder_version=\"4.18.0\" _module_preset=\"default\" header_font_size=\"100px\" custom_margin=\"-89px||||false|false\" header_font_size_tablet=\"80px\" header_font_size_phone=\"40px\" header_font_size_last_edited=\"on|tablet\" global_colors_info=\"{}\"]\n<h1>_\nYES!CON<\/h1>\n<h1>2023<\/h1>\n&nbsp;\n\n[\/et_pb_text][\/et_pb_column][et_pb_column type=\"2_5\" _builder_version=\"4.16\" _module_preset=\"default\" global_colors_info=\"{}\"][et_pb_text _builder_version=\"4.18.0\" _module_preset=\"default\" custom_padding=\"||0px|||\" global_colors_info=\"{}\"]\n\n<span>Einmal im Jahr veranstaltet yeswecan!cer die Yes!Con. Wir durften zum dritten Mal mit dabei sein \u2013 dieses Jahr sogar in unserer Partnerlocation, der AXICA, direkt am Brandenburger Tor.<\/span><span>\u00a0<\/span>\n\n[\/et_pb_text][\/et_pb_column][\/et_pb_row][\/et_pb_section][et_pb_section fb_built=\"1\" _builder_version=\"4.16\" _module_preset=\"default\" width=\"99.6%\" custom_padding=\"7px||3px|||\" global_colors_info=\"{}\"][et_pb_row column_structure=\"1_2,1_2\" _builder_version=\"4.18.0\" _module_preset=\"default\" max_width=\"1400px\" global_colors_info=\"{}\"][et_pb_column type=\"1_2\" _builder_version=\"4.16\" _module_preset=\"default\" global_colors_info=\"{}\"][et_pb_text module_class=\"AMBION-custom-list\" _builder_version=\"4.18.0\" _module_preset=\"default\" custom_margin=\"0px||||false|false\" custom_margin_tablet=\"\" custom_margin_phone=\"0px||||false|false\" custom_margin_last_edited=\"on|phone\" custom_padding=\"0px||0px||false|false\" custom_padding_tablet=\"0px||||false|false\" custom_padding_phone=\"0px||||false|false\" custom_padding_last_edited=\"on|phone\" global_colors_info=\"{}\"]\n\n<span>Die Organisation yeswecan!cer hat eine gro\u00dfe Mission. Sie m\u00f6chte mehr mediale Aufmerksamkeit f\u00fcr Menschen mit Krebserkrankung schaffen, die Betroffenen vernetzen \u2013 sowohl untereinander als auch mit Spezialist*innen \u2013 und sie unterst\u00fctzen: Mit Angeboten zur Selbsthilfe, zum Empowerment und zur St\u00e4rkung der Resilienz.<\/span>\n\n<span>Zum einen waren wir mit unserer vorinstallierten Licht-, Ton- und Medientechnik, darunter der schicken LED-Mediawall, am Start. Zum anderen auch mit vielen kleinen und gro\u00dfen Extras. Dazu geh\u00f6rte nicht nur die Intercom-Technik sondern auch jede Menge Setbau mit unserem wiederverwendbaren und nachhaltigen beMatrix-System wie z. B. f\u00fcr die drei B\u00fchnen und die Pressewand. Und nat\u00fcrlich durfte auch der pinke Teppich \u2013 ganz im Corporate Design der Yes!Con \u2013 nicht fehlen.\u00a0<\/span>\n\n[\/et_pb_text][\/et_pb_column][et_pb_column type=\"1_2\" _builder_version=\"4.18.0\" _module_preset=\"default\" global_colors_info=\"{}\"][dvmd_image_box image_url=\"https:\/\/www.ambion.de\/wp-content\/uploads\/2023\/11\/AMBION_yescon_AXICA_2023_05-2.jpg\" image_box_size_preset=\"133.3%\" caption_source=\"caption\" _builder_version=\"4.18.0\" _module_preset=\"default\" transform_scale_tablet=\"\" transform_scale_phone=\"\" transform_scale_last_edited=\"on|tablet\" transform_translate_tablet=\"0px|0px\" transform_translate_phone=\"0px|0px\" transform_translate_last_edited=\"on|desktop\" transform_translate_linked=\"off\" transform_translate_linked_tablet=\"off\" transform_rotate_tablet=\"\" transform_rotate_phone=\"\" transform_rotate_last_edited=\"on|desktop\" transform_skew_tablet=\"\" transform_skew_phone=\"\" transform_skew_last_edited=\"on|desktop\" transform_origin_tablet=\"\" transform_origin_phone=\"\" transform_origin_last_edited=\"on|desktop\" transform_styles_last_edited=\"on|desktop\" hover_enabled=\"0\" transform_styles_tablet=\"\" transform_styles_phone=\"\" global_colors_info=\"{}\" title_text=\"AMBION_yescon_AXICA_2023_05\" sticky_enabled=\"0\"][\/dvmd_image_box][\/et_pb_column][\/et_pb_row][et_pb_row column_structure=\"3_5,2_5\" _builder_version=\"4.18.0\" _module_preset=\"default\" min_height=\"411.3px\" global_colors_info=\"{}\"][et_pb_column type=\"3_5\" _builder_version=\"4.18.0\" _module_preset=\"default\" global_colors_info=\"{}\"][dvmd_image_box image_url=\"https:\/\/www.ambion.de\/wp-content\/uploads\/2023\/11\/AMBION_yescon_AXICA_2023_06-2.jpg\" image_box_size_preset=\"66.7%\" caption_source=\"caption\" _builder_version=\"4.18.0\" _module_preset=\"default\" hover_enabled=\"0\" global_colors_info=\"{}\" title_text=\"AMBION_yescon_AXICA_2023_06\" sticky_enabled=\"0\"][\/dvmd_image_box][\/et_pb_column][et_pb_column type=\"2_5\" _builder_version=\"4.18.0\" _module_preset=\"default\" global_colors_info=\"{}\"][et_pb_text _builder_version=\"4.18.0\" _module_preset=\"default\" hover_enabled=\"0\" global_colors_info=\"{}\" sticky_enabled=\"0\"]\n\n<span>Auf der Website von yeswecan!cer k\u00f6nnen die bewegendsten Momente auch jetzt noch eingesehen werden. So z. B. die Performance von Anastacia und der Hautkrebs-Spezialistin Dr. Negin Karimian, deren Mutter an Brustkrebs erkrankte und die sich deswegen f\u00fcr den Job als \u00c4rztin entschieden hat:\u00a0<\/span><span><\/span><span style=\"text-decoration: underline; color: #0000ff;\"><a href=\"https:\/\/www.yescon.org\/\" style=\"color: #0000ff; text-decoration: underline;\">www.yescon.org<\/a><\/span>\n\n[\/et_pb_text][\/et_pb_column][\/et_pb_row][\/et_pb_section][et_pb_section fb_built=\"1\" _builder_version=\"4.18.0\" _module_preset=\"default\" global_colors_info=\"{}\"][\/et_pb_section]","_et_gb_content_width":""},"project_category":[16,110,111,64],"project_tag":[],"yoast_head":"<!-- This site is optimized with the Yoast SEO plugin v19.6.1 - https:\/\/yoast.com\/wordpress\/plugins\/seo\/ -->\n<title>New Year\u2019s Eve at the Brandenburg Gate - AMBION<\/title>\n<meta name=\"robots\" content=\"index, follow, max-snippet:-1, max-image-preview:large, max-video-preview:-1\" \/>\n<link rel=\"canonical\" href=\"https:\/\/www.ambion.de\/en\/project\/celebrate-at-the-gate\/\" \/>\n<meta name=\"twitter:label1\" content=\"Est. reading time\" \/>\n\t<meta name=\"twitter:data1\" content=\"4 minutes\" \/>\n<script type=\"application\/ld+json\" class=\"yoast-schema-graph\">{\"@context\":\"https:\/\/schema.org\",\"@graph\":[{\"@type\":\"WebPage\",\"@id\":\"https:\/\/www.ambion.de\/en\/project\/celebrate-at-the-gate\/\",\"url\":\"https:\/\/www.ambion.de\/en\/project\/celebrate-at-the-gate\/\",\"name\":\"New Year\u2019s Eve at the Brandenburg Gate - AMBION\",\"isPartOf\":{\"@id\":\"https:\/\/www.ambion.de\/en\/#website\"},\"datePublished\":\"2024-02-08T10:47:40+00:00\",\"dateModified\":\"2024-02-08T11:15:12+00:00\",\"breadcrumb\":{\"@id\":\"https:\/\/www.ambion.de\/en\/project\/celebrate-at-the-gate\/#breadcrumb\"},\"inLanguage\":\"en-US\",\"potentialAction\":[{\"@type\":\"ReadAction\",\"target\":[\"https:\/\/www.ambion.de\/en\/project\/celebrate-at-the-gate\/\"]}]},{\"@type\":\"BreadcrumbList\",\"@id\":\"https:\/\/www.ambion.de\/en\/project\/celebrate-at-the-gate\/#breadcrumb\",\"itemListElement\":[{\"@type\":\"ListItem\",\"position\":1,\"name\":\"Startseite\",\"item\":\"https:\/\/www.ambion.de\/en\/\"},{\"@type\":\"ListItem\",\"position\":2,\"name\":\"Projects\",\"item\":\"https:\/\/www.ambion.de\/en\/project\/\"},{\"@type\":\"ListItem\",\"position\":3,\"name\":\"New Year\u2019s Eve at the Brandenburg Gate\"}]},{\"@type\":\"WebSite\",\"@id\":\"https:\/\/www.ambion.de\/en\/#website\",\"url\":\"https:\/\/www.ambion.de\/en\/\",\"name\":\"AMBION\",\"description\":\"Die Full-Service Production Company f\u00fcr Live-Erlebnisse und digitale Produktionen\",\"potentialAction\":[{\"@type\":\"SearchAction\",\"target\":{\"@type\":\"EntryPoint\",\"urlTemplate\":\"https:\/\/www.ambion.de\/en\/?s={search_term_string}\"},\"query-input\":\"required name=search_term_string\"}],\"inLanguage\":\"en-US\"}]}<\/script>\n<!-- \/ Yoast SEO plugin. -->","yoast_head_json":{"title":"New Year\u2019s Eve at the Brandenburg Gate - AMBION","robots":{"index":"index","follow":"follow","max-snippet":"max-snippet:-1","max-image-preview":"max-image-preview:large","max-video-preview":"max-video-preview:-1"},"canonical":"https:\/\/www.ambion.de\/en\/project\/celebrate-at-the-gate\/","twitter_misc":{"Est. reading time":"4 minutes"},"schema":{"@context":"https:\/\/schema.org","@graph":[{"@type":"WebPage","@id":"https:\/\/www.ambion.de\/en\/project\/celebrate-at-the-gate\/","url":"https:\/\/www.ambion.de\/en\/project\/celebrate-at-the-gate\/","name":"New Year\u2019s Eve at the Brandenburg Gate - AMBION","isPartOf":{"@id":"https:\/\/www.ambion.de\/en\/#website"},"datePublished":"2024-02-08T10:47:40+00:00","dateModified":"2024-02-08T11:15:12+00:00","breadcrumb":{"@id":"https:\/\/www.ambion.de\/en\/project\/celebrate-at-the-gate\/#breadcrumb"},"inLanguage":"en-US","potentialAction":[{"@type":"ReadAction","target":["https:\/\/www.ambion.de\/en\/project\/celebrate-at-the-gate\/"]}]},{"@type":"BreadcrumbList","@id":"https:\/\/www.ambion.de\/en\/project\/celebrate-at-the-gate\/#breadcrumb","itemListElement":[{"@type":"ListItem","position":1,"name":"Startseite","item":"https:\/\/www.ambion.de\/en\/"},{"@type":"ListItem","position":2,"name":"Projects","item":"https:\/\/www.ambion.de\/en\/project\/"},{"@type":"ListItem","position":3,"name":"New Year\u2019s Eve at the Brandenburg Gate"}]},{"@type":"WebSite","@id":"https:\/\/www.ambion.de\/en\/#website","url":"https:\/\/www.ambion.de\/en\/","name":"AMBION","description":"Die Full-Service Production Company f\u00fcr Live-Erlebnisse und digitale Produktionen","potentialAction":[{"@type":"SearchAction","target":{"@type":"EntryPoint","urlTemplate":"https:\/\/www.ambion.de\/en\/?s={search_term_string}"},"query-input":"required name=search_term_string"}],"inLanguage":"en-US"}]}},"_links":{"self":[{"href":"https:\/\/www.ambion.de\/en\/wp-json\/wp\/v2\/project\/38365"}],"collection":[{"href":"https:\/\/www.ambion.de\/en\/wp-json\/wp\/v2\/project"}],"about":[{"href":"https:\/\/www.ambion.de\/en\/wp-json\/wp\/v2\/types\/project"}],"author":[{"embeddable":true,"href":"https:\/\/www.ambion.de\/en\/wp-json\/wp\/v2\/users\/3"}],"replies":[{"embeddable":true,"href":"https:\/\/www.ambion.de\/en\/wp-json\/wp\/v2\/comments?post=38365"}],"version-history":[{"count":4,"href":"https:\/\/www.ambion.de\/en\/wp-json\/wp\/v2\/project\/38365\/revisions"}],"predecessor-version":[{"id":38369,"href":"https:\/\/www.ambion.de\/en\/wp-json\/wp\/v2\/project\/38365\/revisions\/38369"}],"wp:featuredmedia":[{"embeddable":true,"href":"https:\/\/www.ambion.de\/en\/wp-json\/wp\/v2\/media\/38356"}],"wp:attachment":[{"href":"https:\/\/www.ambion.de\/en\/wp-json\/wp\/v2\/media?parent=38365"}],"wp:term":[{"taxonomy":"project_category","embeddable":true,"href":"https:\/\/www.ambion.de\/en\/wp-json\/wp\/v2\/project_category?post=38365"},{"taxonomy":"project_tag","embeddable":true,"href":"https:\/\/www.ambion.de\/en\/wp-json\/wp\/v2\/project_tag?post=38365"}],"curies":[{"name":"wp","href":"https:\/\/api.w.org\/{rel}","templated":true}]}}