{"id":36924,"date":"2023-08-01T14:04:06","date_gmt":"2023-08-01T12:04:06","guid":{"rendered":"https:\/\/www.ambion.de\/project\/kulturzelt-kassel-2023\/"},"modified":"2023-08-24T09:46:37","modified_gmt":"2023-08-24T07:46:37","slug":"kulturzelt-kassel-2023","status":"publish","type":"project","link":"https:\/\/www.ambion.de\/en\/project\/kulturzelt-kassel-2023\/","title":{"rendered":"Kulturzelt Kassel 2023"},"content":{"rendered":"<p>[et_pb_section fb_built=&#8221;1&#8243; _builder_version=&#8221;4.16&#8243; _module_preset=&#8221;default&#8221; background_color=&#8221;RGBA(255,255,255,0)&#8221; min_height_tablet=&#8221;&#8221; min_height_phone=&#8221;&#8221; min_height_last_edited=&#8221;on|phone&#8221; custom_padding=&#8221;0px||0px|||&#8221; global_colors_info=&#8221;{}&#8221;][et_pb_row _builder_version=&#8221;4.16&#8243; _module_preset=&#8221;default&#8221; max_width=&#8221;1400px&#8221; height_tablet=&#8221;&#8221; height_phone=&#8221;&#8221; height_last_edited=&#8221;on|phone&#8221; custom_padding=&#8221;||0px|||&#8221; global_colors_info=&#8221;{}&#8221;][et_pb_column type=&#8221;4_4&#8243; _builder_version=&#8221;4.16&#8243; _module_preset=&#8221;default&#8221; global_colors_info=&#8221;{}&#8221;][dica_divi_carousel show_items_desktop=&#8221;1&#8243; show_items_tablet=&#8221;1&#8243; transition_duration=&#8221;1500&#8243; loop=&#8221;on&#8221; autoplay=&#8221;on&#8221; hoverpause=&#8221;on&#8221; arrow_nav=&#8221;on&#8221; item_spacing=&#8221;0&#8243; lazy_loading=&#8221;on&#8221; load_before_transition=&#8221;on&#8221; advanced_effect=&#8221;1&#8243; arrow_nav_color=&#8221;#000000&#8243; arrow_bg_color=&#8221;RGBA(0,0,0,0)&#8221; image_force_fullwidth=&#8221;on&#8221; arrow_position=&#8221;middle-outside&#8221; arrow_show_hover=&#8221;on&#8221; arrow_font_size=&#8221;47px&#8221; arrow_position_tablet=&#8221;&#8221; arrow_position_phone=&#8221;&#8221; arrow_position_last_edited=&#8221;on|desktop&#8221; _builder_version=&#8221;4.18.0&#8243; _module_preset=&#8221;default&#8221; background_color=&#8221;#FFFFFF&#8221; global_colors_info=&#8221;{}&#8221;][dica_divi_carouselitem button_url_new_window=&#8221;1&#8243; image=&#8221;https:\/\/www.ambion.de\/wp-content\/uploads\/2023\/07\/AMBION_Kulturzelt_Schaetzki_9.jpg&#8221; _builder_version=&#8221;4.18.0&#8243; _module_preset=&#8221;default&#8221; global_colors_info=&#8221;{}&#8221;][\/dica_divi_carouselitem][dica_divi_carouselitem button_url_new_window=&#8221;1&#8243; image=&#8221;https:\/\/www.ambion.de\/wp-content\/uploads\/2023\/08\/AMBION_Kulturzelt_Schaetzki_18.jpg&#8221; _builder_version=&#8221;4.18.0&#8243; _module_preset=&#8221;default&#8221; global_colors_info=&#8221;{}&#8221;][\/dica_divi_carouselitem][dica_divi_carouselitem button_url_new_window=&#8221;1&#8243; image=&#8221;https:\/\/www.ambion.de\/wp-content\/uploads\/2023\/07\/AMBION_Kulturzelt_Schaetzki_2.jpg&#8221; _builder_version=&#8221;4.18.0&#8243; _module_preset=&#8221;default&#8221; global_colors_info=&#8221;{}&#8221;][\/dica_divi_carouselitem][dica_divi_carouselitem button_url_new_window=&#8221;1&#8243; image=&#8221;https:\/\/www.ambion.de\/wp-content\/uploads\/2023\/07\/AMBION_Kulturzelt_Schaetzki_1.jpg&#8221; _builder_version=&#8221;4.18.0&#8243; _module_preset=&#8221;default&#8221; global_colors_info=&#8221;{}&#8221;][\/dica_divi_carouselitem][\/dica_divi_carousel][\/et_pb_column][\/et_pb_row][\/et_pb_section][et_pb_section fb_built=&#8221;1&#8243; _builder_version=&#8221;4.16&#8243; _module_preset=&#8221;default&#8221; custom_padding=&#8221;||2px|||&#8221; global_colors_info=&#8221;{}&#8221;][et_pb_row column_structure=&#8221;3_5,2_5&#8243; _builder_version=&#8221;4.16&#8243; _module_preset=&#8221;default&#8221; max_width=&#8221;1400px&#8221; global_colors_info=&#8221;{}&#8221;][et_pb_column type=&#8221;3_5&#8243; _builder_version=&#8221;4.16&#8243; _module_preset=&#8221;default&#8221; global_colors_info=&#8221;{}&#8221;][et_pb_text _builder_version=&#8221;4.18.0&#8243; _module_preset=&#8221;default&#8221; header_font_size=&#8221;100px&#8221; custom_margin=&#8221;-89px||||false|false&#8221; header_font_size_tablet=&#8221;80px&#8221; header_font_size_phone=&#8221;40px&#8221; header_font_size_last_edited=&#8221;on|tablet&#8221; global_colors_info=&#8221;{}&#8221;]<\/p>\n<h1>_<br \/>Kulturzelt<br \/>2023<\/h1>\n<p>&nbsp;<\/p>\n<p>[\/et_pb_text][\/et_pb_column][et_pb_column type=&#8221;2_5&#8243; _builder_version=&#8221;4.16&#8243; _module_preset=&#8221;default&#8221; global_colors_info=&#8221;{}&#8221;][et_pb_text _builder_version=&#8221;4.18.0&#8243; _module_preset=&#8221;default&#8221; custom_padding=&#8221;||0px|||&#8221; hover_enabled=&#8221;0&#8243; global_colors_info=&#8221;{}&#8221; sticky_enabled=&#8221;0&#8243;]<\/p>\n<p>Since 1987, the Kulturzelt (culture tent) has opened its doors every summer at the Drahtbr\u00fccke (suspension bridge) in Kassel, Germany. Performing artists from all over the world are featured at the inviting venue, giving enthusiastic guests the perfect opportunity to relax, listen to great music, and enjoy a special summer situation. The best in music, fresh food and drinks, and a distinctive setting on the banks of the River Fulda \u2013 all in all, a summer highlight every year.<\/p>\n<p>[\/et_pb_text][\/et_pb_column][\/et_pb_row][\/et_pb_section][et_pb_section fb_built=&#8221;1&#8243; _builder_version=&#8221;4.16&#8243; _module_preset=&#8221;default&#8221; width=&#8221;99.6%&#8221; custom_padding=&#8221;7px||3px|||&#8221; global_colors_info=&#8221;{}&#8221;][et_pb_row column_structure=&#8221;3_5,2_5&#8243; _builder_version=&#8221;4.18.0&#8243; _module_preset=&#8221;default&#8221; max_width=&#8221;1400px&#8221; global_colors_info=&#8221;{}&#8221;][et_pb_column type=&#8221;3_5&#8243; _builder_version=&#8221;4.16&#8243; _module_preset=&#8221;default&#8221; global_colors_info=&#8221;{}&#8221;][et_pb_text module_class=&#8221;AMBION-custom-list&#8221; _builder_version=&#8221;4.18.0&#8243; _module_preset=&#8221;default&#8221; custom_margin=&#8221;0px||||false|false&#8221; custom_margin_tablet=&#8221;&#8221; custom_margin_phone=&#8221;0px||||false|false&#8221; custom_margin_last_edited=&#8221;on|phone&#8221; custom_padding=&#8221;0px||0px||false|false&#8221; custom_padding_tablet=&#8221;0px||||false|false&#8221; custom_padding_phone=&#8221;0px||||false|false&#8221; custom_padding_last_edited=&#8221;on|phone&#8221; hover_enabled=&#8221;0&#8243; global_colors_info=&#8221;{}&#8221; sticky_enabled=&#8221;0&#8243;]<\/p>\n<p>22 concerts, sound technology from Coda Audio and DiGiCo, lighting technology from Ayrton and GLP as well as a magical starry sky in the tent roof attracted big audiences, as every year. This year, artists such as Juli, Joris, Retrogott, Dope Lemon, Alice Phoebe Lou, Wilhelmine and Bonaparte together with Sophie Hunger were among the featured performers.<\/p>\n<p>We have been supporting the Kulturzelt with sound and lighting technology and rigging for 21 years now. And we are already looking forward to the letting the good times roll next summer at Kulturzelt 2024!<\/p>\n<p>[\/et_pb_text][dvmd_image_box image_url=&#8221;https:\/\/www.ambion.de\/wp-content\/uploads\/2023\/07\/AMBION_Kulturzelt_Schaetzki_12.jpg&#8221; image_position_preset_x=&#8221;54%&#8221; image_position_preset_y=&#8221;52%&#8221; image_box_size_preset=&#8221;66.7%&#8221; caption_source=&#8221;caption&#8221; text_padding_tablet=&#8221;&#8221; text_padding_phone=&#8221;&#8221; text_padding_last_edited=&#8221;on|desktop&#8221; _builder_version=&#8221;4.18.0&#8243; _module_preset=&#8221;default&#8221; custom_margin=&#8221;94px||||false|false&#8221; custom_padding=&#8221;||||false|false&#8221; global_colors_info=&#8221;{}&#8221;][\/dvmd_image_box][\/et_pb_column][et_pb_column type=&#8221;2_5&#8243; _builder_version=&#8221;4.18.0&#8243; _module_preset=&#8221;default&#8221; global_colors_info=&#8221;{}&#8221;][dvmd_image_box image_url=&#8221;https:\/\/www.ambion.de\/wp-content\/uploads\/2023\/08\/AMBION_Kulturzelt_Schaetzki_17.jpg&#8221; image_box_size_preset=&#8221;150%&#8221; caption_source=&#8221;caption&#8221; _builder_version=&#8221;4.18.0&#8243; _module_preset=&#8221;default&#8221; global_colors_info=&#8221;{}&#8221;][\/dvmd_image_box][\/et_pb_column][\/et_pb_row][et_pb_row column_structure=&#8221;1_3,1_3,1_3&#8243; _builder_version=&#8221;4.18.0&#8243; _module_preset=&#8221;default&#8221; max_width=&#8221;1400px&#8221; global_colors_info=&#8221;{}&#8221;][et_pb_column type=&#8221;1_3&#8243; _builder_version=&#8221;4.16&#8243; _module_preset=&#8221;default&#8221; global_colors_info=&#8221;{}&#8221;][dvmd_image_box image_url=&#8221;https:\/\/www.ambion.de\/wp-content\/uploads\/2023\/08\/AMBION_Kulturzelt_Schaetzki_14.jpg&#8221; caption_source=&#8221;caption&#8221; _builder_version=&#8221;4.18.0&#8243; _module_preset=&#8221;default&#8221; global_colors_info=&#8221;{}&#8221;][\/dvmd_image_box][\/et_pb_column][et_pb_column type=&#8221;1_3&#8243; _builder_version=&#8221;4.18.0&#8243; _module_preset=&#8221;default&#8221; global_colors_info=&#8221;{}&#8221;][dvmd_image_box image_url=&#8221;https:\/\/www.ambion.de\/wp-content\/uploads\/2023\/07\/AMBION_Kulturzelt_Schaetzki_5.jpg&#8221; image_position_preset_x=&#8221;27%&#8221; image_position_preset_y=&#8221;52%&#8221; caption_source=&#8221;caption&#8221; _builder_version=&#8221;4.18.0&#8243; _module_preset=&#8221;default&#8221; global_colors_info=&#8221;{}&#8221;][\/dvmd_image_box][\/et_pb_column][et_pb_column type=&#8221;1_3&#8243; _builder_version=&#8221;4.18.0&#8243; _module_preset=&#8221;default&#8221; global_colors_info=&#8221;{}&#8221;][dvmd_image_box image_url=&#8221;https:\/\/www.ambion.de\/wp-content\/uploads\/2023\/07\/AMBION_Kulturzelt_Schaetzki_6.jpg&#8221; caption_source=&#8221;caption&#8221; _builder_version=&#8221;4.18.0&#8243; _module_preset=&#8221;default&#8221; global_colors_info=&#8221;{}&#8221;][\/dvmd_image_box][\/et_pb_column][\/et_pb_row][et_pb_row column_structure=&#8221;1_4,3_4&#8243; _builder_version=&#8221;4.18.0&#8243; _module_preset=&#8221;default&#8221; global_colors_info=&#8221;{}&#8221;][et_pb_column type=&#8221;1_4&#8243; _builder_version=&#8221;4.18.0&#8243; _module_preset=&#8221;default&#8221; global_colors_info=&#8221;{}&#8221;][\/et_pb_column][et_pb_column type=&#8221;3_4&#8243; _builder_version=&#8221;4.18.0&#8243; _module_preset=&#8221;default&#8221; global_colors_info=&#8221;{}&#8221;][dvmd_image_box image_url=&#8221;https:\/\/www.ambion.de\/wp-content\/uploads\/2023\/07\/AMBION_Kulturzelt_Schaetzki_8.jpg&#8221; image_position_preset_x=&#8221;48%&#8221; image_position_preset_y=&#8221;14%&#8221; image_box_size_preset=&#8221;33.3%&#8221; caption_source=&#8221;caption&#8221; _builder_version=&#8221;4.18.0&#8243; _module_preset=&#8221;default&#8221; custom_padding=&#8221;|43px||0px|false|false&#8221; global_colors_info=&#8221;{}&#8221;][\/dvmd_image_box][\/et_pb_column][\/et_pb_row][et_pb_row column_structure=&#8221;3_5,2_5&#8243; _builder_version=&#8221;4.18.0&#8243; _module_preset=&#8221;default&#8221; min_height=&#8221;411.3px&#8221; global_colors_info=&#8221;{}&#8221;][et_pb_column type=&#8221;3_5&#8243; _builder_version=&#8221;4.18.0&#8243; _module_preset=&#8221;default&#8221; global_colors_info=&#8221;{}&#8221;][dvmd_image_box image_url=&#8221;https:\/\/www.ambion.de\/wp-content\/uploads\/2023\/08\/AMBION_Kulturzelt_Schaetzki_19.jpg&#8221; image_box_size_preset=&#8221;50%&#8221; caption_source=&#8221;caption&#8221; _builder_version=&#8221;4.18.0&#8243; _module_preset=&#8221;default&#8221; custom_margin=&#8221;|||0px|false|false&#8221; custom_padding=&#8221;|||90px|false|false&#8221; global_colors_info=&#8221;{}&#8221;][\/dvmd_image_box][\/et_pb_column][et_pb_column type=&#8221;2_5&#8243; _builder_version=&#8221;4.18.0&#8243; _module_preset=&#8221;default&#8221; global_colors_info=&#8221;{}&#8221;][dvmd_image_box image_url=&#8221;https:\/\/www.ambion.de\/wp-content\/uploads\/2023\/07\/AMBION_Kulturzelt_Schaetzki_11.jpg&#8221; image_position_preset_x=&#8221;28%&#8221; image_box_size_preset=&#8221;125%&#8221; caption_source=&#8221;caption&#8221; _builder_version=&#8221;4.18.0&#8243; _module_preset=&#8221;default&#8221; global_colors_info=&#8221;{}&#8221;][\/dvmd_image_box][\/et_pb_column][\/et_pb_row][\/et_pb_section]<\/p>\n","protected":false},"excerpt":{"rendered":"<p><div class=\"et_pb_module dica_divi_carousel dica_divi_carousel_0\">\n\t\t\t\t\n\t\t\t\t\n\t\t\t\t\n\t\t\t\t\n\t\t\t\t\n\t\t\t\t\n\t\t\t\t<div class=\"et_pb_module_inner\">\n\t\t\t\t\t<div class=\"dica-container  desktop_middle-outside tablet_middle-outside mobile_middle-outside arrow-on-hover\" data-props='{\"desktop\":\"1\",\"tablet\":\"1\",\"mobile\":\"1\",\"speed\":\"1500\",\"arrow\":\"on\",\"dots\":\"off\",\"autoplay\":\"on\",\"autoSpeed\":\"1000\",\"loop\":\"on\",\"item_spacing\":\"0\",\"center_mode\":\"off\",\"slider_effec\":\"1\",\"cover_rotate\":\"50\",\"pause_onhover\":\"on\",\"multislide\":\"off\",\"cfshadow\":\"on\",\"order\":\"0\",\"lazyload\":\"on\",\"lazybefore\":\"on\",\"scroller_effect\":\"off\",\"autowidth\":\"off\",\"item_spacing_tablet\":\"0\",\"item_spacing_phone\":\"0\",\"scroller_speed\":\"4000\",\"hashNavigation\":\"off\"}'>\r\n\t\t\t\t\t\t\t \t<div class=\"swiper-container\">\r\n\t\t\t\t\t\t\t\t\t<div class=\"swiper-wrapper\"><div class=\"et_pb_module dica_divi_carouselitem dica_divi_carouselitem_0\">\n\t\t\t\t\n\t\t\t\t\n\t\t\t\t\n\t\t\t\t\n\t\t\t\t\n\t\t\t\t\n\t\t\t\t<div class=\"et_pb_module_inner\">\n\t\t\t\t\t<div class=\"dica-item empty-content image_top swiper-lazy loading\"   data-hash=\"dica_divi_carouselitem_0\">\r\n\t\t\t\t\t\t\t\t\t<div class=\"dica-image-container\"><span class=\"image\"><img data-src=\"https:\/\/www.ambion.de\/wp-content\/uploads\/2023\/07\/AMBION_Kulturzelt_Schaetzki_9.jpg\" alt=\"\" class=\"dica-item-image swiper-lazy\" \/><div class=\"swiper-lazy-preloader swiper-lazy-preloader-white\"><\/div><\/span><\/div>\r\n\t\t\t\t\t\t\t\t\t\r\n\t\t\t\t\t\t\t<\/div>\n\t\t\t\t<\/div>\n\t\t\t<\/div><div class=\"et_pb_module dica_divi_carouselitem dica_divi_carouselitem_1\">\n\t\t\t\t\n\t\t\t\t\n\t\t\t\t\n\t\t\t\t\n\t\t\t\t\n\t\t\t\t\n\t\t\t\t<div class=\"et_pb_module_inner\">\n\t\t\t\t\t<div class=\"dica-item empty-content image_top swiper-lazy loading\"   data-hash=\"dica_divi_carouselitem_1\">\r\n\t\t\t\t\t\t\t\t\t<div class=\"dica-image-container\"><span class=\"image\"><img data-src=\"https:\/\/www.ambion.de\/wp-content\/uploads\/2023\/08\/AMBION_Kulturzelt_Schaetzki_18.jpg\" alt=\"\" class=\"dica-item-image swiper-lazy\" \/><div class=\"swiper-lazy-preloader swiper-lazy-preloader-white\"><\/div><\/span><\/div>\r\n\t\t\t\t\t\t\t\t\t\r\n\t\t\t\t\t\t\t<\/div>\n\t\t\t\t<\/div>\n\t\t\t<\/div><div class=\"et_pb_module dica_divi_carouselitem dica_divi_carouselitem_2\">\n\t\t\t\t\n\t\t\t\t\n\t\t\t\t\n\t\t\t\t\n\t\t\t\t\n\t\t\t\t\n\t\t\t\t<div class=\"et_pb_module_inner\">\n\t\t\t\t\t<div class=\"dica-item empty-content image_top swiper-lazy loading\"   data-hash=\"dica_divi_carouselitem_2\">\r\n\t\t\t\t\t\t\t\t\t<div class=\"dica-image-container\"><span class=\"image\"><img data-src=\"https:\/\/www.ambion.de\/wp-content\/uploads\/2023\/07\/AMBION_Kulturzelt_Schaetzki_2.jpg\" alt=\"\" class=\"dica-item-image swiper-lazy\" \/><div class=\"swiper-lazy-preloader swiper-lazy-preloader-white\"><\/div><\/span><\/div>\r\n\t\t\t\t\t\t\t\t\t\r\n\t\t\t\t\t\t\t<\/div>\n\t\t\t\t<\/div>\n\t\t\t<\/div><div class=\"et_pb_module dica_divi_carouselitem dica_divi_carouselitem_3\">\n\t\t\t\t\n\t\t\t\t\n\t\t\t\t\n\t\t\t\t\n\t\t\t\t\n\t\t\t\t\n\t\t\t\t<div class=\"et_pb_module_inner\">\n\t\t\t\t\t<div class=\"dica-item empty-content image_top swiper-lazy loading\"   data-hash=\"dica_divi_carouselitem_3\">\r\n\t\t\t\t\t\t\t\t\t<div class=\"dica-image-container\"><span class=\"image\"><img data-src=\"https:\/\/www.ambion.de\/wp-content\/uploads\/2023\/07\/AMBION_Kulturzelt_Schaetzki_1.jpg\" alt=\"\" class=\"dica-item-image swiper-lazy\" \/><div class=\"swiper-lazy-preloader swiper-lazy-preloader-white\"><\/div><\/span><\/div>\r\n\t\t\t\t\t\t\t\t\t\r\n\t\t\t\t\t\t\t<\/div>\n\t\t\t\t<\/div>\n\t\t\t<\/div><\/div>\t\r\n\t\t\t\t\t\t\t\t<\/div>\t\r\n\t\t\t\t\t\t\t\t<div class=\"swiper-buttton-container\"><div class=\"swiper-button-prev dica-prev-btn-0\" data-icon=\"4\"><\/div><div class=\"swiper-button-next dica-next-btn-0\" data-icon=\"5\"><\/div><\/div>\r\n\t\t\t\t\t\t\t\t\t\t\t\t\t\t\r\n\t\t\t\t\t\t\t<\/div>\n\t\t\t\t<\/div>\n\t\t\t<\/div>_Kulturzelt2023 &nbsp;Since 1987, the Kulturzelt (culture tent) has opened its doors [&hellip;]<\/p>\n","protected":false},"author":3,"featured_media":36898,"comment_status":"closed","ping_status":"closed","template":"","meta":{"_et_pb_use_builder":"on","_et_pb_old_content":"[et_pb_section fb_built=\"1\" _builder_version=\"4.16\" _module_preset=\"default\" background_color=\"RGBA(255,255,255,0)\" min_height_tablet=\"\" min_height_phone=\"\" min_height_last_edited=\"on|phone\" custom_padding=\"0px||0px|||\" global_colors_info=\"{}\"][et_pb_row _builder_version=\"4.16\" _module_preset=\"default\" max_width=\"1400px\" height_tablet=\"\" height_phone=\"\" height_last_edited=\"on|phone\" custom_padding=\"||0px|||\" global_colors_info=\"{}\"][et_pb_column type=\"4_4\" _builder_version=\"4.16\" _module_preset=\"default\" global_colors_info=\"{}\"][dica_divi_carousel show_items_desktop=\"1\" show_items_tablet=\"1\" transition_duration=\"1500\" loop=\"on\" autoplay=\"on\" hoverpause=\"on\" arrow_nav=\"on\" item_spacing=\"0\" lazy_loading=\"on\" load_before_transition=\"on\" advanced_effect=\"1\" arrow_nav_color=\"#000000\" arrow_bg_color=\"RGBA(0,0,0,0)\" image_force_fullwidth=\"on\" arrow_position=\"middle-outside\" arrow_show_hover=\"on\" arrow_font_size=\"47px\" arrow_position_tablet=\"\" arrow_position_phone=\"\" arrow_position_last_edited=\"on|desktop\" _builder_version=\"4.18.0\" _module_preset=\"default\" background_color=\"#FFFFFF\" global_colors_info=\"{}\"][dica_divi_carouselitem button_url_new_window=\"1\" image=\"https:\/\/www.ambion.de\/wp-content\/uploads\/2023\/07\/AMBION_dm_jubilaeum_05-scaled.jpg\" _builder_version=\"4.18.0\" _module_preset=\"default\" global_colors_info=\"{}\"][\/dica_divi_carouselitem][dica_divi_carouselitem button_url_new_window=\"1\" image=\"https:\/\/www.ambion.de\/wp-content\/uploads\/2023\/07\/AMBION_dm_jubilaeum_02-scaled.jpg\" _builder_version=\"4.18.0\" _module_preset=\"default\" global_colors_info=\"{}\"][\/dica_divi_carouselitem][dica_divi_carouselitem button_url_new_window=\"1\" image=\"https:\/\/www.ambion.de\/wp-content\/uploads\/2023\/07\/AMBION_dm_jubilaeum_04-scaled.jpg\" _builder_version=\"4.18.0\" _module_preset=\"default\" global_colors_info=\"{}\"][\/dica_divi_carouselitem][\/dica_divi_carousel][\/et_pb_column][\/et_pb_row][\/et_pb_section][et_pb_section fb_built=\"1\" _builder_version=\"4.16\" _module_preset=\"default\" custom_padding=\"||2px|||\" global_colors_info=\"{}\"][et_pb_row column_structure=\"3_5,2_5\" _builder_version=\"4.16\" _module_preset=\"default\" max_width=\"1400px\" global_colors_info=\"{}\"][et_pb_column type=\"3_5\" _builder_version=\"4.16\" _module_preset=\"default\" global_colors_info=\"{}\"][et_pb_text _builder_version=\"4.18.0\" _module_preset=\"default\" header_font_size=\"100px\" custom_margin=\"-89px||||false|false\" header_font_size_tablet=\"80px\" header_font_size_phone=\"40px\" header_font_size_last_edited=\"on|tablet\" global_colors_info=\"{}\"]\n<h1>_\ndm Jubl\u00e4ums-\nRoadshow<\/h1>\n&nbsp;\n\n[\/et_pb_text][\/et_pb_column][et_pb_column type=\"2_5\" _builder_version=\"4.16\" _module_preset=\"default\" global_colors_info=\"{}\"][et_pb_text _builder_version=\"4.18.0\" _module_preset=\"default\" custom_padding=\"||0px|||\" global_colors_info=\"{}\"]\n\nUnter dem Motto \u201eLust auf Zukunft\u201c feierte das Unternehmen dm-drogerie markt in den letzten acht Wochen seinen 50. Geburtstag. In sechs St\u00e4dten, darunter K\u00f6ln, Berlin und Hamburg sowie zuletzt am Unternehmenshauptsitz in Karlsruhe, wurden die dm-Mitarbeiter*innen zur gemeinsamen Jubil\u00e4ums-Feier geladen. Bundeskanzler Olaf Scholz \u00fcberbrachte in seiner Rede Gl\u00fcckw\u00fcnsche an Unternehmen und Mitarbeitende.&nbsp;\n\n[\/et_pb_text][\/et_pb_column][\/et_pb_row][\/et_pb_section][et_pb_section fb_built=\"1\" _builder_version=\"4.16\" _module_preset=\"default\" width=\"99.6%\" custom_padding=\"7px||3px|||\" global_colors_info=\"{}\"][et_pb_row column_structure=\"2_5,3_5\" _builder_version=\"4.18.0\" _module_preset=\"default\" max_width=\"1400px\" global_colors_info=\"{}\"][et_pb_column type=\"2_5\" _builder_version=\"4.16\" _module_preset=\"default\" global_colors_info=\"{}\"][et_pb_text module_class=\"AMBION-custom-list\" _builder_version=\"4.18.0\" _module_preset=\"default\" custom_margin=\"0px||||false|false\" custom_margin_tablet=\"\" custom_margin_phone=\"0px||||false|false\" custom_margin_last_edited=\"on|phone\" custom_padding=\"0px||0px||false|false\" custom_padding_tablet=\"0px||||false|false\" custom_padding_phone=\"0px||||false|false\" custom_padding_last_edited=\"on|phone\" global_colors_info=\"{}\"]\n\nIn jeder Stadt bestand das interne Event aus drei Parts: Zum einen der Hausmesse mit dm-Partner*innen wie Procter &amp; Gamble, Nivea oder NO Cosmetics, einem dm-Areal mit interaktiven St\u00e4nden der Drogeriemarkt-Kette und einer gro\u00dfen Stage f\u00fcr das B\u00fchnenprogramm.&nbsp;\n\nWir durften alle Bereiche technisch umsetzten. Dazu geh\u00f6rte das Rigging sowie die Licht-, Ton und Medientechnik f\u00fcr die diversen Messest\u00e4nde im Ausstellungs-Bereich, sowie die gesamte Bandbreite an Veranstaltungstechnik f\u00fcr die Hauptb\u00fchne. Set- und B\u00fchnenbau, LED-Wall sowie Kameratechnik inklusive. &nbsp;\n\n[\/et_pb_text][\/et_pb_column][et_pb_column type=\"3_5\" _builder_version=\"4.18.0\" _module_preset=\"default\" global_colors_info=\"{}\"][dvmd_image_box image_url=\"https:\/\/www.ambion.de\/wp-content\/uploads\/2023\/07\/AMBION_dm_jubilaeum_03-scaled.jpg\" image_box_size_preset=\"75%\" caption_source=\"caption\" _builder_version=\"4.18.0\" _module_preset=\"default\" global_colors_info=\"{}\"][\/dvmd_image_box][\/et_pb_column][\/et_pb_row][et_pb_row column_structure=\"3_5,2_5\" _builder_version=\"4.18.0\" _module_preset=\"default\" max_width=\"1400px\" global_colors_info=\"{}\"][et_pb_column type=\"3_5\" _builder_version=\"4.16\" _module_preset=\"default\" global_colors_info=\"{}\"][dvmd_image_box image_url=\"https:\/\/www.ambion.de\/wp-content\/uploads\/2023\/07\/AMBION_dm_jubilaeum_07-scaled.jpg\" image_position_preset_x=\"54%\" image_position_preset_y=\"52%\" image_box_size_preset=\"66.7%\" caption_source=\"caption\" text_padding_tablet=\"\" text_padding_phone=\"\" text_padding_last_edited=\"on|desktop\" _builder_version=\"4.18.0\" _module_preset=\"default\" custom_padding=\"||||false|false\" global_colors_info=\"{}\"][\/dvmd_image_box][\/et_pb_column][et_pb_column type=\"2_5\" _builder_version=\"4.18.0\" _module_preset=\"default\" global_colors_info=\"{}\"][et_pb_text _builder_version=\"4.18.0\" _module_preset=\"default\" global_colors_info=\"{}\"]\n\nSechs Mal aufbauen, sechs Mal abbauen. F\u00fcnf bis 14 Trailer Material. Quasi eine Messe auf Tour \u2013 spannendes Konzept, nicht ohne Herausforderungen f\u00fcr unsere Logistik. Aber selbstverst\u00e4ndlich mit Bravour gemeistert!&nbsp;\n\n[\/et_pb_text][\/et_pb_column][\/et_pb_row][et_pb_row column_structure=\"3_5,2_5\" _builder_version=\"4.18.0\" _module_preset=\"default\" global_colors_info=\"{}\"][et_pb_column type=\"3_5\" _builder_version=\"4.18.0\" _module_preset=\"default\" global_colors_info=\"{}\"][dvmd_image_box image_url=\"https:\/\/www.ambion.de\/wp-content\/uploads\/2023\/07\/AMBION_dm_jubilaeum_01-scaled.jpg\" _builder_version=\"4.18.0\" _module_preset=\"default\" global_colors_info=\"{}\"][\/dvmd_image_box][\/et_pb_column][et_pb_column type=\"2_5\" _builder_version=\"4.18.0\" _module_preset=\"default\" global_colors_info=\"{}\"][dvmd_image_box image_url=\"https:\/\/www.ambion.de\/wp-content\/uploads\/2023\/07\/AMBION_dm_jubilaeum_08-scaled.jpg\" image_box_size_preset=\"133.3%\" text_padding_tablet=\"\" text_padding_phone=\"\" text_padding_last_edited=\"on|desktop\" _builder_version=\"4.18.0\" _module_preset=\"default\" custom_margin=\"0px||||false|false\" custom_padding=\"0px||||false|false\" hover_enabled=\"0\" global_colors_info=\"{}\" transform_styles_last_edited=\"on|desktop\" transform_scale_last_edited=\"on|desktop\" transform_translate_last_edited=\"on|desktop\" transform_rotate_last_edited=\"on|desktop\" transform_skew_last_edited=\"on|desktop\" transform_origin_last_edited=\"on|desktop\" transform_translate=\"0px|-194px\" sticky_enabled=\"0\" transform_translate_tablet=\"0px|0px\" transform_translate_linked_tablet=\"off\" transform_translate_phone=\"0px|0px\"][\/dvmd_image_box][\/et_pb_column][\/et_pb_row][\/et_pb_section][et_pb_section fb_built=\"1\" _builder_version=\"4.16\" _module_preset=\"default\" background_color=\"#000000\" min_height=\"200px\" global_module=\"28462\" global_colors_info=\"{}\"][et_pb_row column_structure=\"1_4,1_4,1_4,1_4\" _builder_version=\"4.16\" _module_preset=\"default\" max_width=\"1400px\" global_colors_info=\"{}\"][et_pb_column type=\"1_4\" _builder_version=\"4.16\" _module_preset=\"default\" global_colors_info=\"{}\"][et_pb_text _builder_version=\"4.18.0\" _module_preset=\"default\" text_text_color=\"#FFFFFF\" text_font_size=\"14px\" text_line_height=\"22px\" global_colors_info=\"{}\"]\n\nKASSEL\n\nAMBION GmbH\nIm Schwabenfeld 3\n34260 Kaufungen\nFon [eeb_protect_content]+49 561 500550[eeb_protect_content]\nFax [eeb_protect_content]+49 561 5005529[eeb_protect_content]\n<a href=\"mailto:kassel@ambion.de\">kassel@ambion.de<\/a>\n\n[\/et_pb_text][\/et_pb_column][et_pb_column type=\"1_4\" _builder_version=\"4.16\" _module_preset=\"default\" global_colors_info=\"{}\"][et_pb_text _builder_version=\"4.18.0\" _module_preset=\"default\" text_text_color=\"#FFFFFF\" text_font_size=\"14px\" text_line_height=\"22px\" global_colors_info=\"{}\"]\n\nHAMBURG\n\nAMBION GmbH\nGasstrasse 12\n22761 Hamburg\nFon [eeb_protect_content]+49 40 855075850[eeb_protect_content]\nFax [eeb_protect_content]+49 40 855075859[eeb_protect_content]\n<a href=\"mailto:hamburg@ambion.de\">hamburg@ambion.de<\/a>\n\n[\/et_pb_text][\/et_pb_column][et_pb_column type=\"1_4\" _builder_version=\"4.16\" _module_preset=\"default\" global_colors_info=\"{}\"][et_pb_text _builder_version=\"4.16\" _module_preset=\"default\" text_text_color=\"#FFFFFF\" text_font_size=\"14px\" text_line_height=\"22px\" global_colors_info=\"{}\"]\n\nBERLIN\n\nAMBION GmbH\nFeldtmannstrasse 158\n13088 Berlin\nFon [eeb_protect_content]+49 30[eeb_protect_content] 72627840\nFax [eeb_protect_content]+49 30 726278429[eeb_protect_content]\n<a href=\"mailto:berlin@ambion.de\">berlin@ambion.de<\/a>\n\n[\/et_pb_text][\/et_pb_column][et_pb_column type=\"1_4\" _builder_version=\"4.16\" _module_preset=\"default\" global_colors_info=\"{}\"][et_pb_text _builder_version=\"4.16\" _module_preset=\"default\" text_text_color=\"#FFFFFF\" text_font_size=\"14px\" text_line_height=\"22px\" global_colors_info=\"{}\"]\n\nFRANKFURT\n\nAMBION GmbH\nGattenh\u00f6ferweg 32\n61440 Oberursel\nFon [eeb_protect_content]+49 6171 989150[eeb_protect_content]\nFax [eeb_protect_content]+49 6171 9891529[eeb_protect_content]\n<a href=\"mailto:frankfurt@ambion.de\">frankfurt@ambion.de<\/a>\n\n[\/et_pb_text][\/et_pb_column][\/et_pb_row][et_pb_row column_structure=\"1_4,1_4,1_4,1_4\" _builder_version=\"4.16\" _module_preset=\"default\" max_width=\"1400px\" global_colors_info=\"{}\"][et_pb_column type=\"1_4\" _builder_version=\"4.16\" _module_preset=\"default\" global_colors_info=\"{}\"][et_pb_text _builder_version=\"4.18.0\" _module_preset=\"default\" text_text_color=\"#FFFFFF\" text_font_size=\"14px\" text_line_height=\"22px\" link_font=\"||||on|||#FFFFFF|solid\" link_text_color=\"#FFFFFF\" text_text_shadow_style=\"preset2\" global_colors_info=\"{}\"]\n\n<a href=\"kontakt\">Kontakt<\/a>\n<a href=\"newsletter\">Newsletter<\/a>\n<a href=\"personalpreise\">Personalpreise<\/a>\n\n[\/et_pb_text][\/et_pb_column][et_pb_column type=\"1_4\" _builder_version=\"4.16\" _module_preset=\"default\" global_colors_info=\"{}\"][et_pb_text _builder_version=\"4.18.0\" _module_preset=\"default\" text_text_color=\"#FFFFFF\" text_font_size=\"14px\" text_line_height=\"22px\" link_font=\"||||on|||#FFFFFF|solid\" link_text_color=\"#FFFFFF\" text_text_shadow_style=\"preset2\" global_colors_info=\"{}\"]\n\n<a href=\"impressum\/\">Impressum<\/a>\n<a href=\"datenschutzerklaerung\">Datenschutzerkl\u00e4rung<\/a>\n\n[\/et_pb_text][\/et_pb_column][et_pb_column type=\"1_4\" _builder_version=\"4.16\" _module_preset=\"default\" global_colors_info=\"{}\"][et_pb_text _builder_version=\"4.18.0\" _module_preset=\"default\" text_text_color=\"#FFFFFF\" text_font_size=\"14px\" text_line_height=\"22px\" link_font=\"DIN Next LT W01 Regular||||on|||#FFFFFF|\" link_text_color=\"#FFFFFF\" link_option_url_new_window=\"on\" global_colors_info=\"{}\"]\n\n<a href=\"https:\/\/www.linkedin.com\/company\/ambion-gmbh\" target=\"_blank\" rel=\"noopener\">LinkedIn<\/a>\n<a href=\"https:\/\/www.instagram.com\/ambion_gmbh\/\" target=\"_blank\" rel=\"noopener\">Instagram<\/a>\n<a href=\"https:\/\/www.facebook.com\/ambion.veranstaltungstechnik\" target=\"_blank\" rel=\"noopener\">Facebook<\/a>\n\n[\/et_pb_text][\/et_pb_column][et_pb_column type=\"1_4\" _builder_version=\"4.16\" _module_preset=\"default\" global_colors_info=\"{}\"][et_pb_text _builder_version=\"4.18.0\" _module_preset=\"default\" text_text_color=\"#FFFFFF\" text_font_size=\"14px\" text_line_height=\"22px\" link_font=\"||||on|||#FFFFFF|\" link_text_color=\"#FFFFFF\" text_text_shadow_style=\"preset2\" global_colors_info=\"{}\" content__hover_enabled=\"off|desktop\"]\n\n<a href=\"https:\/\/vimeo.com\/ambion\" target=\"_blank\" rel=\"noopener\">Vimeo<\/a>\n<a href=\"https:\/\/www.youtube.com\/channel\/UCe9B8r_oV3HCPTQJE9Nkqrw\" target=\"_blank\" rel=\"noopener\">YouTube<\/a>\n\n[\/et_pb_text][\/et_pb_column][\/et_pb_row][et_pb_row column_structure=\"1_4,1_4,1_4,1_4\" _builder_version=\"4.16\" _module_preset=\"default\" max_width=\"1400px\" global_colors_info=\"{}\"][et_pb_column type=\"1_4\" _builder_version=\"4.16\" _module_preset=\"default\" global_colors_info=\"{}\"][et_pb_image src=\"https:\/\/www.ambion.de\/wp-content\/uploads\/2021\/07\/isdv.png\" title_text=\"isdv\" url=\"https:\/\/www.isdv.net\" url_new_window=\"on\" _builder_version=\"4.18.0\" _module_preset=\"default\" height=\"30px\" global_colors_info=\"{}\"][\/et_pb_image][et_pb_text _builder_version=\"4.18.0\" _module_preset=\"default\" text_text_color=\"#FFFFFF\" text_font_size=\"14px\" text_line_height=\"22px\" link_font=\"||||on|||#FFFFFF|solid\" link_text_color=\"#FFFFFF\" text_text_shadow_style=\"preset2\" global_colors_info=\"{}\"]\n\nAMBION ist Mitglied des ISDV\n\n[\/et_pb_text][\/et_pb_column][et_pb_column type=\"1_4\" _builder_version=\"4.16\" _module_preset=\"default\" global_colors_info=\"{}\"][et_pb_image src=\"https:\/\/www.ambion.de\/wp-content\/uploads\/2021\/07\/vplt.png\" title_text=\"vplt\" url=\"https:\/\/www.vplt.org\" url_new_window=\"on\" _builder_version=\"4.18.0\" _module_preset=\"default\" module_alignment=\"left\" height=\"30px\" global_colors_info=\"{}\"][\/et_pb_image][et_pb_text _builder_version=\"4.18.0\" _module_preset=\"default\" text_text_color=\"#FFFFFF\" text_font_size=\"14px\" text_line_height=\"22px\" link_font=\"DIN Next LT W01 Regular||||on|||#FFFFFF|\" link_text_color=\"#FFFFFF\" link_option_url_new_window=\"on\" global_colors_info=\"{}\"]\n\nAMBION ist Mitglied des VPLT\n\n[\/et_pb_text][\/et_pb_column][et_pb_column type=\"1_4\" _builder_version=\"4.16\" _module_preset=\"default\" global_colors_info=\"{}\"][et_pb_image src=\"https:\/\/www.ambion.de\/wp-content\/uploads\/2021\/07\/dpvt.png\" title_text=\"dpvt\" url=\"https:\/\/www.dpvt.org\" url_new_window=\"on\" _builder_version=\"4.18.0\" _module_preset=\"default\" height=\"30px\" global_colors_info=\"{}\"][\/et_pb_image][et_pb_text _builder_version=\"4.18.0\" _module_preset=\"default\" text_text_color=\"#FFFFFF\" text_font_size=\"14px\" text_line_height=\"22px\" link_font=\"||||on|||#FFFFFF|\" link_text_color=\"#FFFFFF\" text_text_shadow_style=\"preset2\" global_colors_info=\"{}\" content__hover_enabled=\"off|desktop\"]\n\nAMBION ist zertifiziert von der Deutschen Pr\u00fcfstelle f\u00fcr Veranstaltungstechnik\n\n[\/et_pb_text][\/et_pb_column][et_pb_column type=\"1_4\" _builder_version=\"4.16\" _module_preset=\"default\" global_colors_info=\"{}\"][et_pb_text _builder_version=\"4.18.0\" _module_preset=\"default\" text_text_color=\"#FFFFFF\" text_font_size=\"14px\" text_line_height=\"22px\" global_colors_info=\"{}\"]\n\n\u00a9 AMBION GmbH 2023\n\n[\/et_pb_text][\/et_pb_column][\/et_pb_row][\/et_pb_section]","_et_gb_content_width":"1200"},"project_category":[12,113],"project_tag":[],"yoast_head":"<!-- This site is optimized with the Yoast SEO plugin v19.6.1 - https:\/\/yoast.com\/wordpress\/plugins\/seo\/ -->\n<title>Kulturzelt Kassel 2023 - AMBION<\/title>\n<meta name=\"robots\" content=\"index, follow, max-snippet:-1, max-image-preview:large, max-video-preview:-1\" \/>\n<link rel=\"canonical\" href=\"https:\/\/www.ambion.de\/en\/project\/kulturzelt-kassel-2023\/\" \/>\n<meta name=\"twitter:label1\" content=\"Est. reading time\" \/>\n\t<meta name=\"twitter:data1\" content=\"4 minutes\" \/>\n<script type=\"application\/ld+json\" class=\"yoast-schema-graph\">{\"@context\":\"https:\/\/schema.org\",\"@graph\":[{\"@type\":\"WebPage\",\"@id\":\"https:\/\/www.ambion.de\/en\/project\/kulturzelt-kassel-2023\/\",\"url\":\"https:\/\/www.ambion.de\/en\/project\/kulturzelt-kassel-2023\/\",\"name\":\"Kulturzelt Kassel 2023 - AMBION\",\"isPartOf\":{\"@id\":\"https:\/\/www.ambion.de\/en\/#website\"},\"datePublished\":\"2023-08-01T12:04:06+00:00\",\"dateModified\":\"2023-08-24T07:46:37+00:00\",\"breadcrumb\":{\"@id\":\"https:\/\/www.ambion.de\/en\/project\/kulturzelt-kassel-2023\/#breadcrumb\"},\"inLanguage\":\"en-US\",\"potentialAction\":[{\"@type\":\"ReadAction\",\"target\":[\"https:\/\/www.ambion.de\/en\/project\/kulturzelt-kassel-2023\/\"]}]},{\"@type\":\"BreadcrumbList\",\"@id\":\"https:\/\/www.ambion.de\/en\/project\/kulturzelt-kassel-2023\/#breadcrumb\",\"itemListElement\":[{\"@type\":\"ListItem\",\"position\":1,\"name\":\"Startseite\",\"item\":\"https:\/\/www.ambion.de\/en\/\"},{\"@type\":\"ListItem\",\"position\":2,\"name\":\"Projects\",\"item\":\"https:\/\/www.ambion.de\/en\/project\/\"},{\"@type\":\"ListItem\",\"position\":3,\"name\":\"Kulturzelt Kassel 2023\"}]},{\"@type\":\"WebSite\",\"@id\":\"https:\/\/www.ambion.de\/en\/#website\",\"url\":\"https:\/\/www.ambion.de\/en\/\",\"name\":\"AMBION\",\"description\":\"Die Full-Service Production Company f\u00fcr Live-Erlebnisse und digitale Produktionen\",\"potentialAction\":[{\"@type\":\"SearchAction\",\"target\":{\"@type\":\"EntryPoint\",\"urlTemplate\":\"https:\/\/www.ambion.de\/en\/?s={search_term_string}\"},\"query-input\":\"required name=search_term_string\"}],\"inLanguage\":\"en-US\"}]}<\/script>\n<!-- \/ Yoast SEO plugin. -->","yoast_head_json":{"title":"Kulturzelt Kassel 2023 - AMBION","robots":{"index":"index","follow":"follow","max-snippet":"max-snippet:-1","max-image-preview":"max-image-preview:large","max-video-preview":"max-video-preview:-1"},"canonical":"https:\/\/www.ambion.de\/en\/project\/kulturzelt-kassel-2023\/","twitter_misc":{"Est. reading time":"4 minutes"},"schema":{"@context":"https:\/\/schema.org","@graph":[{"@type":"WebPage","@id":"https:\/\/www.ambion.de\/en\/project\/kulturzelt-kassel-2023\/","url":"https:\/\/www.ambion.de\/en\/project\/kulturzelt-kassel-2023\/","name":"Kulturzelt Kassel 2023 - AMBION","isPartOf":{"@id":"https:\/\/www.ambion.de\/en\/#website"},"datePublished":"2023-08-01T12:04:06+00:00","dateModified":"2023-08-24T07:46:37+00:00","breadcrumb":{"@id":"https:\/\/www.ambion.de\/en\/project\/kulturzelt-kassel-2023\/#breadcrumb"},"inLanguage":"en-US","potentialAction":[{"@type":"ReadAction","target":["https:\/\/www.ambion.de\/en\/project\/kulturzelt-kassel-2023\/"]}]},{"@type":"BreadcrumbList","@id":"https:\/\/www.ambion.de\/en\/project\/kulturzelt-kassel-2023\/#breadcrumb","itemListElement":[{"@type":"ListItem","position":1,"name":"Startseite","item":"https:\/\/www.ambion.de\/en\/"},{"@type":"ListItem","position":2,"name":"Projects","item":"https:\/\/www.ambion.de\/en\/project\/"},{"@type":"ListItem","position":3,"name":"Kulturzelt Kassel 2023"}]},{"@type":"WebSite","@id":"https:\/\/www.ambion.de\/en\/#website","url":"https:\/\/www.ambion.de\/en\/","name":"AMBION","description":"Die Full-Service Production Company f\u00fcr Live-Erlebnisse und digitale Produktionen","potentialAction":[{"@type":"SearchAction","target":{"@type":"EntryPoint","urlTemplate":"https:\/\/www.ambion.de\/en\/?s={search_term_string}"},"query-input":"required name=search_term_string"}],"inLanguage":"en-US"}]}},"_links":{"self":[{"href":"https:\/\/www.ambion.de\/en\/wp-json\/wp\/v2\/project\/36924"}],"collection":[{"href":"https:\/\/www.ambion.de\/en\/wp-json\/wp\/v2\/project"}],"about":[{"href":"https:\/\/www.ambion.de\/en\/wp-json\/wp\/v2\/types\/project"}],"author":[{"embeddable":true,"href":"https:\/\/www.ambion.de\/en\/wp-json\/wp\/v2\/users\/3"}],"replies":[{"embeddable":true,"href":"https:\/\/www.ambion.de\/en\/wp-json\/wp\/v2\/comments?post=36924"}],"version-history":[{"count":4,"href":"https:\/\/www.ambion.de\/en\/wp-json\/wp\/v2\/project\/36924\/revisions"}],"predecessor-version":[{"id":36934,"href":"https:\/\/www.ambion.de\/en\/wp-json\/wp\/v2\/project\/36924\/revisions\/36934"}],"wp:featuredmedia":[{"embeddable":true,"href":"https:\/\/www.ambion.de\/en\/wp-json\/wp\/v2\/media\/36898"}],"wp:attachment":[{"href":"https:\/\/www.ambion.de\/en\/wp-json\/wp\/v2\/media?parent=36924"}],"wp:term":[{"taxonomy":"project_category","embeddable":true,"href":"https:\/\/www.ambion.de\/en\/wp-json\/wp\/v2\/project_category?post=36924"},{"taxonomy":"project_tag","embeddable":true,"href":"https:\/\/www.ambion.de\/en\/wp-json\/wp\/v2\/project_tag?post=36924"}],"curies":[{"name":"wp","href":"https:\/\/api.w.org\/{rel}","templated":true}]}}