{"id":35733,"date":"2023-03-28T09:52:24","date_gmt":"2023-03-28T07:52:24","guid":{"rendered":"https:\/\/www.ambion.de\/project\/10-jahre-forum-oculus\/"},"modified":"2023-04-03T11:14:36","modified_gmt":"2023-04-03T09:14:36","slug":"10-years-forum-oculus","status":"publish","type":"project","link":"https:\/\/www.ambion.de\/en\/project\/10-years-forum-oculus\/","title":{"rendered":"10 Years Forum Oculus"},"content":{"rendered":"<p>[et_pb_section fb_built=&#8221;1&#8243; _builder_version=&#8221;4.16&#8243; _module_preset=&#8221;default&#8221; background_color=&#8221;RGBA(255,255,255,0)&#8221; min_height_tablet=&#8221;&#8221; min_height_phone=&#8221;&#8221; min_height_last_edited=&#8221;on|phone&#8221; custom_padding=&#8221;0px||0px|||&#8221; global_colors_info=&#8221;{}&#8221;][et_pb_row _builder_version=&#8221;4.16&#8243; _module_preset=&#8221;default&#8221; max_width=&#8221;1400px&#8221; height_tablet=&#8221;&#8221; height_phone=&#8221;&#8221; height_last_edited=&#8221;on|phone&#8221; custom_padding=&#8221;||0px|||&#8221; global_colors_info=&#8221;{}&#8221;][et_pb_column type=&#8221;4_4&#8243; _builder_version=&#8221;4.16&#8243; _module_preset=&#8221;default&#8221; global_colors_info=&#8221;{}&#8221;][dica_divi_carousel show_items_desktop=&#8221;1&#8243; show_items_tablet=&#8221;1&#8243; transition_duration=&#8221;1500&#8243; loop=&#8221;on&#8221; autoplay=&#8221;on&#8221; hoverpause=&#8221;on&#8221; arrow_nav=&#8221;on&#8221; item_spacing=&#8221;0&#8243; lazy_loading=&#8221;on&#8221; load_before_transition=&#8221;on&#8221; advanced_effect=&#8221;1&#8243; arrow_nav_color=&#8221;#000000&#8243; arrow_bg_color=&#8221;RGBA(0,0,0,0)&#8221; image_force_fullwidth=&#8221;on&#8221; arrow_position=&#8221;middle-outside&#8221; arrow_show_hover=&#8221;on&#8221; arrow_font_size=&#8221;47px&#8221; arrow_position_tablet=&#8221;&#8221; arrow_position_phone=&#8221;&#8221; arrow_position_last_edited=&#8221;on|desktop&#8221; _builder_version=&#8221;4.18.0&#8243; _module_preset=&#8221;default&#8221; background_color=&#8221;#FFFFFF&#8221; global_colors_info=&#8221;{}&#8221;][dica_divi_carouselitem button_url_new_window=&#8221;1&#8243; image=&#8221;https:\/\/www.ambion.de\/wp-content\/uploads\/2023\/03\/AMBION-Forum-Oculus-2023-2-2.jpg&#8221; _builder_version=&#8221;4.18.0&#8243; _module_preset=&#8221;default&#8221; global_colors_info=&#8221;{}&#8221;][\/dica_divi_carouselitem][dica_divi_carouselitem button_url_new_window=&#8221;1&#8243; image=&#8221;https:\/\/www.ambion.de\/wp-content\/uploads\/2023\/03\/AMBION-Forum-Oculus-2023-4.jpg&#8221; _builder_version=&#8221;4.18.0&#8243; _module_preset=&#8221;default&#8221; global_colors_info=&#8221;{}&#8221;][\/dica_divi_carouselitem][\/dica_divi_carousel][\/et_pb_column][\/et_pb_row][\/et_pb_section][et_pb_section fb_built=&#8221;1&#8243; _builder_version=&#8221;4.16&#8243; _module_preset=&#8221;default&#8221; custom_padding=&#8221;||2px|||&#8221; global_colors_info=&#8221;{}&#8221;][et_pb_row column_structure=&#8221;3_5,2_5&#8243; _builder_version=&#8221;4.16&#8243; _module_preset=&#8221;default&#8221; max_width=&#8221;1400px&#8221; global_colors_info=&#8221;{}&#8221;][et_pb_column type=&#8221;3_5&#8243; _builder_version=&#8221;4.16&#8243; _module_preset=&#8221;default&#8221; global_colors_info=&#8221;{}&#8221;][et_pb_text _builder_version=&#8221;4.18.0&#8243; _module_preset=&#8221;default&#8221; header_font_size=&#8221;100px&#8221; custom_margin=&#8221;-89px||||false|false&#8221; header_font_size_tablet=&#8221;80px&#8221; header_font_size_phone=&#8221;40px&#8221; header_font_size_last_edited=&#8221;on|tablet&#8221; global_colors_info=&#8221;{}&#8221;]<\/p>\n<h1>_<br \/>10 YEARS<br \/>FORUM OCULUS<\/h1>\n<p>[\/et_pb_text][\/et_pb_column][et_pb_column type=&#8221;2_5&#8243; _builder_version=&#8221;4.16&#8243; _module_preset=&#8221;default&#8221; global_colors_info=&#8221;{}&#8221;][et_pb_text _builder_version=&#8221;4.18.0&#8243; _module_preset=&#8221;default&#8221; custom_padding=&#8221;||0px|||&#8221; global_colors_info=&#8221;{}&#8221;]<\/p>\n<p>Retinology is a special field of ophthalmology dealing with the retina. For 10 years now, the Forum Oculus conference has been an important meeting place for physicians specializing in this field.\u00a0<\/p>\n<p>[\/et_pb_text][\/et_pb_column][\/et_pb_row][\/et_pb_section][et_pb_section fb_built=&#8221;1&#8243; _builder_version=&#8221;4.16&#8243; _module_preset=&#8221;default&#8221; width=&#8221;99.6%&#8221; custom_padding=&#8221;7px||3px|||&#8221; global_colors_info=&#8221;{}&#8221;][et_pb_row column_structure=&#8221;1_2,1_2&#8243; _builder_version=&#8221;4.18.0&#8243; _module_preset=&#8221;default&#8221; max_width=&#8221;1400px&#8221; global_colors_info=&#8221;{}&#8221;][et_pb_column type=&#8221;1_2&#8243; _builder_version=&#8221;4.16&#8243; _module_preset=&#8221;default&#8221; global_colors_info=&#8221;{}&#8221;][et_pb_text module_class=&#8221;AMBION-custom-list&#8221; _builder_version=&#8221;4.18.0&#8243; _module_preset=&#8221;default&#8221; custom_margin=&#8221;0px||||false|false&#8221; custom_margin_tablet=&#8221;&#8221; custom_margin_phone=&#8221;0px||||false|false&#8221; custom_margin_last_edited=&#8221;on|phone&#8221; custom_padding=&#8221;0px||0px||false|false&#8221; custom_padding_tablet=&#8221;0px||||false|false&#8221; custom_padding_phone=&#8221;0px||||false|false&#8221; custom_padding_last_edited=&#8221;on|phone&#8221; global_colors_info=&#8221;{}&#8221;]<\/p>\n<p>We were on hand this year and delivered our part for eye health. Our existing set-up at the Vienna House Andels was complemented by the appropriate technology in the two main rooms of the event, as well as in the workshop rooms. With lighting technology, sound technology, the required rigging, set construction and media technology, a venue was created for the successful staging of the anniversary event.\u00a0<\/p>\n<p>As a happy feature of this round anniversary, the event was held completely live and with an audience for the first time in three years. Of course, a livestream was also part of the package.<\/p>\n<p>[\/et_pb_text][\/et_pb_column][et_pb_column type=&#8221;1_2&#8243; _builder_version=&#8221;4.18.0&#8243; _module_preset=&#8221;default&#8221; global_colors_info=&#8221;{}&#8221;][dvmd_image_box image_url=&#8221;https:\/\/www.ambion.de\/wp-content\/uploads\/2023\/03\/AMBION-Forum-Oculus-2023-1-1.jpg&#8221; image_box_size_preset=&#8221;75%&#8221; _builder_version=&#8221;4.18.0&#8243; _module_preset=&#8221;default&#8221; global_colors_info=&#8221;{}&#8221;][\/dvmd_image_box][\/et_pb_column][\/et_pb_row][et_pb_row column_structure=&#8221;2_3,1_3&#8243; _builder_version=&#8221;4.18.0&#8243; _module_preset=&#8221;default&#8221; custom_margin=&#8221;0px||||false|false&#8221; global_colors_info=&#8221;{}&#8221;][et_pb_column type=&#8221;2_3&#8243; _builder_version=&#8221;4.18.0&#8243; _module_preset=&#8221;default&#8221; global_colors_info=&#8221;{}&#8221;][dvmd_image_box image_url=&#8221;https:\/\/www.ambion.de\/wp-content\/uploads\/2023\/03\/AMBION-Forum-Oculus-2023-1.jpg&#8221; image_position_preset_x=&#8221;75%&#8221; image_position_preset_y=&#8221;36%&#8221; image_box_size_preset=&#8221;33.3%&#8221; caption_source=&#8221;caption&#8221; _builder_version=&#8221;4.18.0&#8243; _module_preset=&#8221;default&#8221; custom_margin=&#8221;24px||||false|false&#8221; global_colors_info=&#8221;{}&#8221;][\/dvmd_image_box][\/et_pb_column][et_pb_column type=&#8221;1_3&#8243; _builder_version=&#8221;4.18.0&#8243; _module_preset=&#8221;default&#8221; global_colors_info=&#8221;{}&#8221;][\/et_pb_column][\/et_pb_row][\/et_pb_section]<\/p>\n","protected":false},"excerpt":{"rendered":"<p><div class=\"et_pb_module dica_divi_carousel dica_divi_carousel_0\">\n\t\t\t\t\n\t\t\t\t\n\t\t\t\t\n\t\t\t\t\n\t\t\t\t\n\t\t\t\t\n\t\t\t\t<div class=\"et_pb_module_inner\">\n\t\t\t\t\t<div class=\"dica-container  desktop_middle-outside tablet_middle-outside mobile_middle-outside arrow-on-hover\" data-props='{\"desktop\":\"1\",\"tablet\":\"1\",\"mobile\":\"1\",\"speed\":\"1500\",\"arrow\":\"on\",\"dots\":\"off\",\"autoplay\":\"on\",\"autoSpeed\":\"1000\",\"loop\":\"on\",\"item_spacing\":\"0\",\"center_mode\":\"off\",\"slider_effec\":\"1\",\"cover_rotate\":\"50\",\"pause_onhover\":\"on\",\"multislide\":\"off\",\"cfshadow\":\"on\",\"order\":\"0\",\"lazyload\":\"on\",\"lazybefore\":\"on\",\"scroller_effect\":\"off\",\"autowidth\":\"off\",\"item_spacing_tablet\":\"0\",\"item_spacing_phone\":\"0\",\"scroller_speed\":\"4000\",\"hashNavigation\":\"off\"}'>\r\n\t\t\t\t\t\t\t \t<div class=\"swiper-container\">\r\n\t\t\t\t\t\t\t\t\t<div class=\"swiper-wrapper\"><div class=\"et_pb_module dica_divi_carouselitem dica_divi_carouselitem_0\">\n\t\t\t\t\n\t\t\t\t\n\t\t\t\t\n\t\t\t\t\n\t\t\t\t\n\t\t\t\t\n\t\t\t\t<div class=\"et_pb_module_inner\">\n\t\t\t\t\t<div class=\"dica-item empty-content image_top swiper-lazy loading\"   data-hash=\"dica_divi_carouselitem_0\">\r\n\t\t\t\t\t\t\t\t\t<div class=\"dica-image-container\"><span class=\"image\"><img data-src=\"https:\/\/www.ambion.de\/wp-content\/uploads\/2023\/03\/AMBION-Forum-Oculus-2023-2-2.jpg\" alt=\"\" class=\"dica-item-image swiper-lazy\" \/><div class=\"swiper-lazy-preloader swiper-lazy-preloader-white\"><\/div><\/span><\/div>\r\n\t\t\t\t\t\t\t\t\t\r\n\t\t\t\t\t\t\t<\/div>\n\t\t\t\t<\/div>\n\t\t\t<\/div><div class=\"et_pb_module dica_divi_carouselitem dica_divi_carouselitem_1\">\n\t\t\t\t\n\t\t\t\t\n\t\t\t\t\n\t\t\t\t\n\t\t\t\t\n\t\t\t\t\n\t\t\t\t<div class=\"et_pb_module_inner\">\n\t\t\t\t\t<div class=\"dica-item empty-content image_top swiper-lazy loading\"   data-hash=\"dica_divi_carouselitem_1\">\r\n\t\t\t\t\t\t\t\t\t<div class=\"dica-image-container\"><span class=\"image\"><img data-src=\"https:\/\/www.ambion.de\/wp-content\/uploads\/2023\/03\/AMBION-Forum-Oculus-2023-4.jpg\" alt=\"\" class=\"dica-item-image swiper-lazy\" \/><div class=\"swiper-lazy-preloader swiper-lazy-preloader-white\"><\/div><\/span><\/div>\r\n\t\t\t\t\t\t\t\t\t\r\n\t\t\t\t\t\t\t<\/div>\n\t\t\t\t<\/div>\n\t\t\t<\/div><\/div>\t\r\n\t\t\t\t\t\t\t\t<\/div>\t\r\n\t\t\t\t\t\t\t\t<div class=\"swiper-buttton-container\"><div class=\"swiper-button-prev dica-prev-btn-0\" data-icon=\"4\"><\/div><div class=\"swiper-button-next dica-next-btn-0\" data-icon=\"5\"><\/div><\/div>\r\n\t\t\t\t\t\t\t\t\t\t\t\t\t\t\r\n\t\t\t\t\t\t\t<\/div>\n\t\t\t\t<\/div>\n\t\t\t<\/div>_10 YEARSFORUM OCULUSRetinology is a special field of ophthalmology dealing with the retina. For 10 years now, the Forum Oculus conference [&hellip;]<\/p>\n","protected":false},"author":3,"featured_media":35654,"comment_status":"closed","ping_status":"closed","template":"","meta":{"_et_pb_use_builder":"on","_et_pb_old_content":"[et_pb_section fb_built=\"1\" _builder_version=\"4.16\" _module_preset=\"default\" background_color=\"RGBA(255,255,255,0)\" min_height_tablet=\"\" min_height_phone=\"\" min_height_last_edited=\"on|phone\" custom_padding=\"0px||0px|||\" global_colors_info=\"{}\"][et_pb_row _builder_version=\"4.16\" _module_preset=\"default\" max_width=\"1400px\" height_tablet=\"\" height_phone=\"\" height_last_edited=\"on|phone\" custom_padding=\"||0px|||\" global_colors_info=\"{}\"][et_pb_column type=\"4_4\" _builder_version=\"4.16\" _module_preset=\"default\" global_colors_info=\"{}\"][dica_divi_carousel show_items_desktop=\"1\" show_items_tablet=\"1\" transition_duration=\"1500\" loop=\"on\" autoplay=\"on\" hoverpause=\"on\" arrow_nav=\"on\" item_spacing=\"0\" lazy_loading=\"on\" load_before_transition=\"on\" advanced_effect=\"1\" arrow_nav_color=\"#000000\" arrow_bg_color=\"RGBA(0,0,0,0)\" image_force_fullwidth=\"on\" arrow_position=\"middle-outside\" arrow_show_hover=\"on\" arrow_font_size=\"47px\" arrow_position_tablet=\"\" arrow_position_phone=\"\" arrow_position_last_edited=\"on|desktop\" _builder_version=\"4.18.0\" _module_preset=\"default\" background_color=\"#FFFFFF\" global_colors_info=\"{}\"][dica_divi_carouselitem button_url_new_window=\"1\" image=\"https:\/\/www.ambion.de\/wp-content\/uploads\/2023\/02\/1_AMBION-SIEMENS-HV-2023-2.jpg\" _builder_version=\"4.18.0\" _module_preset=\"default\" global_colors_info=\"{}\"][\/dica_divi_carouselitem][dica_divi_carouselitem button_url_new_window=\"1\" image=\"https:\/\/www.ambion.de\/wp-content\/uploads\/2023\/02\/5_AMBION-SIEMENS-HV-2023.jpg\" _builder_version=\"4.18.0\" _module_preset=\"default\" global_colors_info=\"{}\"][\/dica_divi_carouselitem][\/dica_divi_carousel][\/et_pb_column][\/et_pb_row][\/et_pb_section][et_pb_section fb_built=\"1\" _builder_version=\"4.16\" _module_preset=\"default\" custom_padding=\"||2px|||\" global_colors_info=\"{}\"][et_pb_row column_structure=\"3_5,2_5\" _builder_version=\"4.16\" _module_preset=\"default\" max_width=\"1400px\" global_colors_info=\"{}\"][et_pb_column type=\"3_5\" _builder_version=\"4.16\" _module_preset=\"default\" global_colors_info=\"{}\"][et_pb_text _builder_version=\"4.18.0\" _module_preset=\"default\" header_font_size=\"100px\" custom_margin=\"-89px||||false|false\" header_font_size_tablet=\"80px\" header_font_size_phone=\"40px\" header_font_size_last_edited=\"on|tablet\" global_colors_info=\"{}\"]\n<h1>_\nSiemens AG<\/h1>\n<h1>Virtuelle HV + XR<\/h1>\n[\/et_pb_text][\/et_pb_column][et_pb_column type=\"2_5\" _builder_version=\"4.16\" _module_preset=\"default\" global_colors_info=\"{}\"][et_pb_text _builder_version=\"4.18.0\" _module_preset=\"default\" custom_padding=\"||0px|||\" global_colors_info=\"{}\"]\n\nDas Hauptversammlungen nicht ausschlie\u00dflich in Pr\u00e4senz stattfinden m\u00fcssen, haben die letzten beiden Jahre gezeigt. Und das digital nicht gleich langweilig ist, ist mittlerweile auch klar.\n\n[\/et_pb_text][\/et_pb_column][\/et_pb_row][\/et_pb_section][et_pb_section fb_built=\"1\" _builder_version=\"4.16\" _module_preset=\"default\" width=\"99.6%\" custom_padding=\"7px||3px|||\" global_colors_info=\"{}\"][et_pb_row column_structure=\"1_3,1_3,1_3\" _builder_version=\"4.18.0\" _module_preset=\"default\" max_width=\"1400px\" global_colors_info=\"{}\"][et_pb_column type=\"1_3\" _builder_version=\"4.16\" _module_preset=\"default\" global_colors_info=\"{}\"][et_pb_text module_class=\"AMBION-custom-list\" _builder_version=\"4.18.0\" _module_preset=\"default\" custom_margin=\"0px||||false|false\" custom_margin_tablet=\"\" custom_margin_phone=\"0px||||false|false\" custom_margin_last_edited=\"on|phone\" custom_padding=\"0px||0px||false|false\" custom_padding_tablet=\"0px||||false|false\" custom_padding_phone=\"0px||||false|false\" custom_padding_last_edited=\"on|phone\" global_colors_info=\"{}\"]\n\nSo hat Siemens&nbsp;seine HV in diesem Jahr nicht nur digital, sondern auch mit XR-Anteilen abgehalten: In einem Moment in einer futuristischen Welt eine repr\u00e4sentative Rede halten und drei Schritte weiter wieder am Vorstandstisch in der M\u00fcnchner Zentrale sitzen? Kein Problem mit Extended Reality.\n\nWir durften unseren Teil zum Erfolg der Hauptversammlung beitragen. So wurde, in mehreren Tagen Arbeit, ein XR-Studio in das SIEMENS Headquarter in M\u00fcnchen eingebaut.\n\n[\/et_pb_text][et_pb_button button_text=\"XR: Rede des CEO Roland Busch \" button_alignment=\"left\" _builder_version=\"4.18.0\" _module_preset=\"default\" custom_button=\"on\" button_text_size=\"22px\" button_text_color=\"#FFFFFF\" button_bg_color=\"#000000\" button_border_width=\"1px\" button_border_color=\"#000000\" button_border_radius=\"40px\" button_letter_spacing=\"0px\" button_font=\"DIN Next LT W01 Regular||||||||\" button_use_icon=\"off\" custom_margin=\"0px||||false|false\" custom_padding=\"10px||10px||false|false\" hover_enabled=\"0\" button_text_size_tablet=\"16px\" button_text_size_phone=\"16px\" button_text_size_last_edited=\"on|tablet\" global_colors_info=\"{}\" button_bg_color__hover_enabled=\"on|desktop\" button_text_size__hover_enabled=\"off|desktop\" button_bg_color__hover=\"#FFFFFF\" button_bg_enable_color__hover=\"on\" button_text_color__hover_enabled=\"on|desktop\" button_text_color__hover=\"#000000\" theme_builder_area=\"post_content\" button_url=\"https:\/\/www.youtube.com\/watch?v=8MR-4JZruxc\" url_new_window=\"on\" sticky_enabled=\"0\"][\/et_pb_button][\/et_pb_column][et_pb_column type=\"1_3\" _builder_version=\"4.18.0\" _module_preset=\"default\" global_colors_info=\"{}\"][dvmd_image_box image_url=\"https:\/\/www.ambion.de\/wp-content\/uploads\/2023\/02\/4_AMBION-SIEMENS-HV-2023.jpg\" image_position_preset_x=\"55%\" image_box_size_preset=\"133.3%\" caption_source=\"caption\" _builder_version=\"4.18.0\" _module_preset=\"default\" global_colors_info=\"{}\"][\/dvmd_image_box][\/et_pb_column][et_pb_column type=\"1_3\" _builder_version=\"4.18.0\" _module_preset=\"default\" global_colors_info=\"{}\"][dvmd_image_box image_url=\"https:\/\/www.ambion.de\/wp-content\/uploads\/2023\/02\/2_AMBION-SIEMENS-HV-2023.jpg\" text_padding=\"0px||||false|false\" text_padding_tablet=\"0px||||false|false\" text_padding_phone=\"0px||||false|false\" text_padding_last_edited=\"on|phone\" _builder_version=\"4.18.0\" _module_preset=\"default\" custom_padding=\"301px||||false|false\" custom_padding_tablet=\"0px||||false|false\" custom_padding_phone=\"0px||||false|false\" custom_padding_last_edited=\"on|phone\" global_colors_info=\"{}\"][\/dvmd_image_box][\/et_pb_column][\/et_pb_row][et_pb_row column_structure=\"2_3,1_3\" _builder_version=\"4.18.0\" _module_preset=\"default\" custom_margin=\"-71px||||false|false\" global_colors_info=\"{}\"][et_pb_column type=\"2_3\" _builder_version=\"4.18.0\" _module_preset=\"default\" global_colors_info=\"{}\"][dvmd_image_box image_url=\"https:\/\/www.ambion.de\/wp-content\/uploads\/2023\/02\/3_AMBION-SIEMENS-HV-2023.jpg\" image_position_preset_x=\"75%\" image_box_size_preset=\"50%\" caption_source=\"caption\" _builder_version=\"4.18.0\" _module_preset=\"default\" custom_margin=\"24px||||false|false\" global_colors_info=\"{}\"][\/dvmd_image_box][\/et_pb_column][et_pb_column type=\"1_3\" _builder_version=\"4.18.0\" _module_preset=\"default\" global_colors_info=\"{}\"][et_pb_text _builder_version=\"4.18.0\" _module_preset=\"default\" custom_margin=\"122px||||false|false\" custom_margin_tablet=\"0px||||false|false\" custom_margin_phone=\"0px||||false|false\" custom_margin_last_edited=\"on|phone\" global_colors_info=\"{}\"]\n<div class=\"et_pb_text_inner\">\n<div class=\"et-fb-popover-tinymce\" data-shortcode-id=\"2.0.0.0-1677766415305\" data-quickaccess-editable=\"yes\">\n<div class=\"mce-content-body\" style=\"position: relative;\" contenteditable=\"true\">\n\nDazu geh\u00f6rten LED-Walls und LED-Boden, die passende Lichttechnik, disguise Medienserver f\u00fcr die Content-Zuspielung, Kameratechnik und Bildmischer f\u00fcr die digitale Distribution, Rigging sowie ein Ton-Set-Up via Yamaha Professional Audio PM5 und komplexem Audio-Signal-Routing, quer durch das Siemens Headquarter.\n\n<\/div>\n<\/div>\n<\/div>\n<div class=\"et-fb-mousetrap et-fb-mousetrap--module et-fb-mousetrap-pointer\" style=\"background: 0px center; pointer-events: auto;\"><\/div>\n[\/et_pb_text][\/et_pb_column][\/et_pb_row][\/et_pb_section]","_et_gb_content_width":"1200"},"project_category":[105,30,107,10],"project_tag":[],"yoast_head":"<!-- This site is optimized with the Yoast SEO plugin v19.6.1 - https:\/\/yoast.com\/wordpress\/plugins\/seo\/ -->\n<title>10 Years Forum Oculus - AMBION<\/title>\n<meta name=\"robots\" content=\"index, follow, max-snippet:-1, max-image-preview:large, max-video-preview:-1\" \/>\n<link rel=\"canonical\" href=\"https:\/\/www.ambion.de\/en\/project\/10-years-forum-oculus\/\" \/>\n<meta name=\"twitter:label1\" content=\"Est. reading time\" \/>\n\t<meta name=\"twitter:data1\" content=\"2 minutes\" \/>\n<script type=\"application\/ld+json\" class=\"yoast-schema-graph\">{\"@context\":\"https:\/\/schema.org\",\"@graph\":[{\"@type\":\"WebPage\",\"@id\":\"https:\/\/www.ambion.de\/en\/project\/10-years-forum-oculus\/\",\"url\":\"https:\/\/www.ambion.de\/en\/project\/10-years-forum-oculus\/\",\"name\":\"10 Years Forum Oculus - AMBION\",\"isPartOf\":{\"@id\":\"https:\/\/www.ambion.de\/en\/#website\"},\"datePublished\":\"2023-03-28T07:52:24+00:00\",\"dateModified\":\"2023-04-03T09:14:36+00:00\",\"breadcrumb\":{\"@id\":\"https:\/\/www.ambion.de\/en\/project\/10-years-forum-oculus\/#breadcrumb\"},\"inLanguage\":\"en-US\",\"potentialAction\":[{\"@type\":\"ReadAction\",\"target\":[\"https:\/\/www.ambion.de\/en\/project\/10-years-forum-oculus\/\"]}]},{\"@type\":\"BreadcrumbList\",\"@id\":\"https:\/\/www.ambion.de\/en\/project\/10-years-forum-oculus\/#breadcrumb\",\"itemListElement\":[{\"@type\":\"ListItem\",\"position\":1,\"name\":\"Startseite\",\"item\":\"https:\/\/www.ambion.de\/en\/\"},{\"@type\":\"ListItem\",\"position\":2,\"name\":\"Projects\",\"item\":\"https:\/\/www.ambion.de\/en\/project\/\"},{\"@type\":\"ListItem\",\"position\":3,\"name\":\"10 Years Forum Oculus\"}]},{\"@type\":\"WebSite\",\"@id\":\"https:\/\/www.ambion.de\/en\/#website\",\"url\":\"https:\/\/www.ambion.de\/en\/\",\"name\":\"AMBION\",\"description\":\"Die Full-Service Production Company f\u00fcr Live-Erlebnisse und digitale Produktionen\",\"potentialAction\":[{\"@type\":\"SearchAction\",\"target\":{\"@type\":\"EntryPoint\",\"urlTemplate\":\"https:\/\/www.ambion.de\/en\/?s={search_term_string}\"},\"query-input\":\"required name=search_term_string\"}],\"inLanguage\":\"en-US\"}]}<\/script>\n<!-- \/ Yoast SEO plugin. -->","yoast_head_json":{"title":"10 Years Forum Oculus - AMBION","robots":{"index":"index","follow":"follow","max-snippet":"max-snippet:-1","max-image-preview":"max-image-preview:large","max-video-preview":"max-video-preview:-1"},"canonical":"https:\/\/www.ambion.de\/en\/project\/10-years-forum-oculus\/","twitter_misc":{"Est. reading time":"2 minutes"},"schema":{"@context":"https:\/\/schema.org","@graph":[{"@type":"WebPage","@id":"https:\/\/www.ambion.de\/en\/project\/10-years-forum-oculus\/","url":"https:\/\/www.ambion.de\/en\/project\/10-years-forum-oculus\/","name":"10 Years Forum Oculus - AMBION","isPartOf":{"@id":"https:\/\/www.ambion.de\/en\/#website"},"datePublished":"2023-03-28T07:52:24+00:00","dateModified":"2023-04-03T09:14:36+00:00","breadcrumb":{"@id":"https:\/\/www.ambion.de\/en\/project\/10-years-forum-oculus\/#breadcrumb"},"inLanguage":"en-US","potentialAction":[{"@type":"ReadAction","target":["https:\/\/www.ambion.de\/en\/project\/10-years-forum-oculus\/"]}]},{"@type":"BreadcrumbList","@id":"https:\/\/www.ambion.de\/en\/project\/10-years-forum-oculus\/#breadcrumb","itemListElement":[{"@type":"ListItem","position":1,"name":"Startseite","item":"https:\/\/www.ambion.de\/en\/"},{"@type":"ListItem","position":2,"name":"Projects","item":"https:\/\/www.ambion.de\/en\/project\/"},{"@type":"ListItem","position":3,"name":"10 Years Forum Oculus"}]},{"@type":"WebSite","@id":"https:\/\/www.ambion.de\/en\/#website","url":"https:\/\/www.ambion.de\/en\/","name":"AMBION","description":"Die Full-Service Production Company f\u00fcr Live-Erlebnisse und digitale Produktionen","potentialAction":[{"@type":"SearchAction","target":{"@type":"EntryPoint","urlTemplate":"https:\/\/www.ambion.de\/en\/?s={search_term_string}"},"query-input":"required name=search_term_string"}],"inLanguage":"en-US"}]}},"_links":{"self":[{"href":"https:\/\/www.ambion.de\/en\/wp-json\/wp\/v2\/project\/35733"}],"collection":[{"href":"https:\/\/www.ambion.de\/en\/wp-json\/wp\/v2\/project"}],"about":[{"href":"https:\/\/www.ambion.de\/en\/wp-json\/wp\/v2\/types\/project"}],"author":[{"embeddable":true,"href":"https:\/\/www.ambion.de\/en\/wp-json\/wp\/v2\/users\/3"}],"replies":[{"embeddable":true,"href":"https:\/\/www.ambion.de\/en\/wp-json\/wp\/v2\/comments?post=35733"}],"version-history":[{"count":9,"href":"https:\/\/www.ambion.de\/en\/wp-json\/wp\/v2\/project\/35733\/revisions"}],"predecessor-version":[{"id":35745,"href":"https:\/\/www.ambion.de\/en\/wp-json\/wp\/v2\/project\/35733\/revisions\/35745"}],"wp:featuredmedia":[{"embeddable":true,"href":"https:\/\/www.ambion.de\/en\/wp-json\/wp\/v2\/media\/35654"}],"wp:attachment":[{"href":"https:\/\/www.ambion.de\/en\/wp-json\/wp\/v2\/media?parent=35733"}],"wp:term":[{"taxonomy":"project_category","embeddable":true,"href":"https:\/\/www.ambion.de\/en\/wp-json\/wp\/v2\/project_category?post=35733"},{"taxonomy":"project_tag","embeddable":true,"href":"https:\/\/www.ambion.de\/en\/wp-json\/wp\/v2\/project_tag?post=35733"}],"curies":[{"name":"wp","href":"https:\/\/api.w.org\/{rel}","templated":true}]}}